{"id":1834,"date":"2016-01-31T07:48:47","date_gmt":"2016-01-31T07:48:47","guid":{"rendered":"http:\/\/192.168.0.16\/overlap\/?page_id=1834"},"modified":"2023-08-10T14:20:32","modified_gmt":"2023-08-10T14:20:32","slug":"vinhos","status":"publish","type":"page","link":"https:\/\/adegamarel.pt\/en\/vinhos\/","title":{"rendered":"Wines"},"content":{"rendered":"<section class=\"wpb-content-wrapper\"><p>[vc_row row_style=&#8221;full-width&#8221; padding_size=&#8221;no-padding&#8221;][vc_column padding_size=&#8221;no-padding&#8221;][rev_slider_vc alias=&#8221;vinhos-fullscreen&#8221;][\/vc_column][\/vc_row][vc_row row_style=&#8221;full-width&#8221; overlap=&#8221;top&#8221; overlap_distance=&#8221;90px&#8221; padding_size=&#8221;no-padding&#8221; css=&#8221;.vc_custom_1585233301693{margin-right: 0px !important;margin-left: 0px !important;padding-right: 0px !important;padding-left: 0px !important;}&#8221; el_class=&#8221;mobile-space&#8221;][vc_column padding_size=&#8221;no-padding&#8221; css=&#8221;.vc_custom_1585221128979{margin-right: 0px !important;margin-left: 0px !important;padding-right: 0px !important;padding-left: 0px !important;}&#8221;][wyde_section_separator style=&#8221;mountain-alt&#8221; background_color=&#8221;#ffffff&#8221; css=&#8221;.vc_custom_1585221118321{margin-right: 0px !important;margin-left: 0px !important;padding-right: 0px !important;padding-left: 0px !important;}&#8221;][\/vc_column][\/vc_row][vc_row padding_size=&#8221;no-padding&#8221; css=&#8221;.vc_custom_1587394131568{margin-top: 0px !important;padding-top: 0px !important;}&#8221;][vc_column padding_size=&#8221;no-padding&#8221; css=&#8221;.vc_custom_1585233226939{margin-top: 0px !important;padding-top: 0px !important;}&#8221;][vc_empty_space height=&#8221;60px&#8221; el_class=&#8221;mobile-space&#8221;][vc_empty_space height=&#8221;60px&#8221;][\/vc_column][\/vc_row][vc_row padding_size=&#8221;no-padding&#8221;][vc_column text_align=&#8221;center&#8221;][wyde_heading title=&#8221;to your home&#8221; subheading=&#8221;FROM OUR WINERY&#8221;][vc_empty_space height=&#8221;40px&#8221;][wyde_button title=&#8221;Online Shop&#8221; style=&#8221;outline&#8221; size=&#8221;large&#8221; link=&#8221;url:%2Fshop%2F|title:Shop||&#8221; bg_color=&#8221;#000000&#8243; css=&#8221;.vc_custom_1621001519198{background-color: #000000 !important;}&#8221;][vc_empty_space height=&#8221;120px&#8221; el_class=&#8221;mobile-space&#8221;][\/vc_column][\/vc_row][vc_row row_style=&#8221;full-width&#8221; vertical_align=&#8221;middle&#8221; padding_size=&#8221;no-padding&#8221; parallax=&#8221;parallax&#8221; css=&#8221;.vc_custom_1585752220600{margin-right: 0px !important;margin-left: 0px !important;padding-right: 0px !important;padding-left: 0px !important;}&#8221; background_image=&#8221;7785&#8243; bg_image_url=&#8221;https:\/\/adegamarel.pt\/wp-content\/uploads\/2020\/04\/Adega-Marel-vinicola-Marel-06-min-150&#215;150.jpg&#8221; el_id=&#8221;marel&#8221;][vc_column css=&#8221;.vc_custom_1585300530415{margin-right: 0px !important;margin-left: 0px !important;padding-right: 0px !important;padding-left: 0px !important;}&#8221;][vc_empty_space height=&#8221;17vh&#8221;][vc_single_image alignment=&#8221;center&#8221; image=&#8221;7790&#8243; animation=&#8221;fadeInRight&#8221; css=&#8221;.vc_custom_1585753652880{margin-right: 5% !important;margin-left: 5% !important;}&#8221;][vc_empty_space height=&#8221;17vh&#8221;][\/vc_column][\/vc_row][vc_row padding_size=&#8221;no-padding&#8221; el_class=&#8221;vinhos-produtos&#8221;][vc_column text_align=&#8221;center&#8221; padding_size=&#8221;no-padding&#8221;][vc_empty_space height=&#8221;100px&#8221;][vc_row_inner vertical_align=&#8221;bottom&#8221;][vc_column_inner padding_size=&#8221;no-padding&#8221;][wyde_heading title=&#8221;Marel&#8221;][vc_single_image alignment=&#8221;center&#8221; image=&#8221;6996&#8243; el_class=&#8221;grafismo pag-vinhos&#8221;][\/vc_column_inner][\/vc_row_inner][vc_row_inner vertical_align=&#8221;bottom&#8221;][vc_column_inner padding_size=&#8221;no-padding&#8221;][vc_empty_space height=&#8221;40px&#8221;][vc_column_text el_class=&#8221;vinhos-textos&#8221;]<\/p>\n<p style=\"text-align: center;\">Marel is the animal selected for the betterment of the species.<br \/>\nMareleia designates the place where the herds gathered for breeding &#8211; a word that could be in the origins of the name \u201cAmareleja\u201d.<br \/>\nThis wine reflects the region that creates it. Made from regional grape varieties, aims to be a faithful witness of its land.<\/p>\n<p>[\/vc_column_text][\/vc_column_inner][\/vc_row_inner][vc_empty_space height=&#8221;100px&#8221;]<div class=\"woocommerce columns-4 \"><ul class=\"products w-grid-space clear columns-4\"><li class=\"w-item col-3 product type-product post-8219 status-publish first outofstock product_cat-vinhos-marel has-post-thumbnail virtual product-type-simple\">\n\t<figure><div class=\"image-wrapper\">            <div class=\"cover-image\">\r\n                <a href=\"https:\/\/adegamarel.pt\/en\/product\/marel-vinho-rose-2021\/\">\r\n                <img loading=\"lazy\" decoding=\"async\" width=\"1350\" height=\"1807\" src=\"https:\/\/adegamarel.pt\/wp-content\/uploads\/2020\/05\/Adega-marel-marel-rose-2019.jpg\" class=\"attachment-shop_catalog size-shop_catalog wp-post-image\" alt=\"Garrafa de vinho Marel Ros\u00e9 com r\u00f3tulo onde o chifre do Marel \u00e9 azul escuro\" \/>                                <\/a>\r\n            <\/div>\r\n            <div class=\"w-product-status\"><div class=\"w-outofstock\"><span>Out of stock<\/span><\/div><\/div><a href=\"https:\/\/adegamarel.pt\/en\/product\/marel-vinho-rose-2021\/\" aria-describedby=\"woocommerce_loop_add_to_cart_link_describedby_8219\" data-quantity=\"1\" class=\"button product_type_simple\" data-product_id=\"8219\" data-product_sku=\"\" aria-label=\"Read more about &ldquo;Rose&rdquo;\" rel=\"nofollow\" data-success_message=\"\">Read more<\/a>\t<span id=\"woocommerce_loop_add_to_cart_link_describedby_8219\" class=\"screen-reader-text\">\n\t\t\t<\/span>\n<\/div><figcaption><h2 class=\"woocommerce-loop-product__title\">Rose<\/h2>\n<\/figcaption><\/figure><\/li>\n<li class=\"w-item col-3 product type-product post-7749 status-publish outofstock product_cat-vinhos-marel has-post-thumbnail virtual product-type-simple\">\n\t<figure><div class=\"image-wrapper\">            <div class=\"cover-image\">\r\n                <a href=\"https:\/\/adegamarel.pt\/en\/product\/marel-vinho-branco-2021\/\">\r\n                <img loading=\"lazy\" decoding=\"async\" width=\"1350\" height=\"1807\" src=\"https:\/\/adegamarel.pt\/wp-content\/uploads\/2020\/03\/vinho-Adega-marel-marel-branco-2019-min.jpg\" class=\"attachment-shop_catalog size-shop_catalog wp-post-image\" alt=\"Garrafa de vinho Marel Branco com r\u00f3tulo onde o chifre do Marel \u00e9 azul-turquesa\" \/>                                <\/a>\r\n            <\/div>\r\n            <div class=\"w-product-status\"><div class=\"w-outofstock\"><span>Out of stock<\/span><\/div><\/div><a href=\"https:\/\/adegamarel.pt\/en\/product\/marel-vinho-branco-2021\/\" aria-describedby=\"woocommerce_loop_add_to_cart_link_describedby_7749\" data-quantity=\"1\" class=\"button product_type_simple\" data-product_id=\"7749\" data-product_sku=\"\" aria-label=\"Read more about &ldquo;White&rdquo;\" rel=\"nofollow\" data-success_message=\"\">Read more<\/a>\t<span id=\"woocommerce_loop_add_to_cart_link_describedby_7749\" class=\"screen-reader-text\">\n\t\t\t<\/span>\n<\/div><figcaption><h2 class=\"woocommerce-loop-product__title\">White<\/h2>\n<\/figcaption><\/figure><\/li>\n<li class=\"w-item col-3 product type-product post-8585 status-publish outofstock product_cat-vinhos-marel has-post-thumbnail virtual product-type-simple\">\n\t<figure><div class=\"image-wrapper\">            <div class=\"cover-image\">\r\n                <a href=\"https:\/\/adegamarel.pt\/en\/product\/marel-vinho-tinto-ilustre-2020\/\">\r\n                <img loading=\"lazy\" decoding=\"async\" width=\"1350\" height=\"1807\" src=\"https:\/\/adegamarel.pt\/wp-content\/uploads\/2021\/10\/Adega-marel-ilustre-vinho-tinto-2019.jpg\" class=\"attachment-shop_catalog size-shop_catalog wp-post-image\" alt=\"Garrafa de vinho Marel Ilustre Tinto um Marel vestido de fato e gravata e onde o chifre do Marel est\u00e1 separado da sua cabe\u00e7a\" \/>                                <\/a>\r\n            <\/div>\r\n            <div class=\"w-product-status\"><div class=\"w-outofstock\"><span>Out of stock<\/span><\/div><\/div><a href=\"https:\/\/adegamarel.pt\/en\/product\/marel-vinho-tinto-ilustre-2020\/\" aria-describedby=\"woocommerce_loop_add_to_cart_link_describedby_8585\" data-quantity=\"1\" class=\"button product_type_simple\" data-product_id=\"8585\" data-product_sku=\"\" aria-label=\"Read more about &ldquo;ILUSTRE Red&rdquo;\" rel=\"nofollow\" data-success_message=\"\">Read more<\/a>\t<span id=\"woocommerce_loop_add_to_cart_link_describedby_8585\" class=\"screen-reader-text\">\n\t\t\t<\/span>\n<\/div><figcaption><h2 class=\"woocommerce-loop-product__title\">ILUSTRE Red<\/h2>\n<\/figcaption><\/figure><\/li>\n<\/ul>\n<\/div>[vc_empty_space height=&#8221;10px&#8221;][wyde_button title=&#8221;Buy Marel&#8221; style=&#8221;outline&#8221; size=&#8221;large&#8221; link=&#8221;url:%2Fshop%2F%3Fid%3Dshop_filters%26wpf%3D1%26gama%3Dmarel|title:Shop||&#8221; bg_color=&#8221;#000000&#8243; css=&#8221;.vc_custom_1621001563387{background-color: #000000 !important;}&#8221;][vc_empty_space height=&#8221;100px&#8221;][\/vc_column][\/vc_row][vc_row row_style=&#8221;full-width&#8221; vertical_align=&#8221;middle&#8221; padding_size=&#8221;no-padding&#8221; parallax=&#8221;parallax&#8221; css=&#8221;.vc_custom_1585751227504{margin-right: 0px !important;margin-left: 0px !important;padding-right: 0px !important;padding-left: 0px !important;}&#8221; background_image=&#8221;7778&#8243; bg_image_url=&#8221;https:\/\/adegamarel.pt\/wp-content\/uploads\/2020\/04\/Adega-Marel-vinicola-Manolito-01-min-150&#215;150.jpg&#8221; el_id=&#8221;manolito&#8221;][vc_column css=&#8221;.vc_custom_1585300530415{margin-right: 0px !important;margin-left: 0px !important;padding-right: 0px !important;padding-left: 0px !important;}&#8221;][vc_empty_space height=&#8221;17vh&#8221;][vc_single_image alignment=&#8221;center&#8221; image=&#8221;7739&#8243; animation=&#8221;fadeInRight&#8221; css=&#8221;.vc_custom_1585322207570{margin-right: 5% !important;margin-left: 5% !important;}&#8221;][vc_empty_space height=&#8221;17vh&#8221;][\/vc_column][\/vc_row][vc_row padding_size=&#8221;no-padding&#8221; el_class=&#8221;vinhos-produtos&#8221;][vc_column text_align=&#8221;center&#8221; padding_size=&#8221;no-padding&#8221; el_class=&#8221;gama-bloco&#8221;][vc_empty_space height=&#8221;100px&#8221;][vc_row_inner vertical_align=&#8221;bottom&#8221;][vc_column_inner padding_size=&#8221;no-padding&#8221;][wyde_heading title=&#8221;Manolito&#8221;][\/vc_column_inner][\/vc_row_inner][vc_single_image alignment=&#8221;center&#8221; image=&#8221;7059&#8243; el_class=&#8221;grafismo pag-vinhos&#8221;][vc_row_inner vertical_align=&#8221;bottom&#8221;][vc_column_inner padding_size=&#8221;no-padding&#8221;][vc_empty_space height=&#8221;40px&#8221;][vc_column_text el_class=&#8221;vinhos-textos&#8221;]<\/p>\n<p style=\"text-align: center;\">Our uncle Manolito was a man from an inland village called Amareleja. Both a man of the world that loved to travel, and also profoundly marked by tradition and by his roots. This wine, a tribute to him, seeks to merge two worlds. It combines the \u201cTalha\u201d wine, of ancient tradition, with a wine made from contemporary techniques.<\/p>\n<p>[\/vc_column_text][\/vc_column_inner][\/vc_row_inner][vc_empty_space height=&#8221;100px&#8221;]<div class=\"woocommerce columns-3 \"><ul class=\"products w-grid-space clear columns-3\"><li class=\"w-item col-4 product type-product post-7750 status-publish first outofstock product_cat-vinhos-manolito has-post-thumbnail virtual product-type-simple\">\n\t<figure><div class=\"image-wrapper\">            <div class=\"cover-image\">\r\n                <a href=\"https:\/\/adegamarel.pt\/en\/product\/manolito-vinho-branco\/\">\r\n                <img loading=\"lazy\" decoding=\"async\" width=\"1350\" height=\"1807\" src=\"https:\/\/adegamarel.pt\/wp-content\/uploads\/2020\/03\/vinho-Adega-marel-manolito-branco-2019-min.jpg\" class=\"attachment-shop_catalog size-shop_catalog wp-post-image\" alt=\"Garrafa de vinho Manolito Branco com um r\u00f3tulo branco\" \/>                                <\/a>\r\n            <\/div>\r\n            <div class=\"w-product-status\"><div class=\"w-outofstock\"><span>Out of stock<\/span><\/div><\/div><a href=\"https:\/\/adegamarel.pt\/en\/product\/manolito-vinho-branco\/\" aria-describedby=\"woocommerce_loop_add_to_cart_link_describedby_7750\" data-quantity=\"1\" class=\"button product_type_simple\" data-product_id=\"7750\" data-product_sku=\"\" aria-label=\"Read more about &ldquo;White&rdquo;\" rel=\"nofollow\" data-success_message=\"\">Read more<\/a>\t<span id=\"woocommerce_loop_add_to_cart_link_describedby_7750\" class=\"screen-reader-text\">\n\t\t\t<\/span>\n<\/div><figcaption><h2 class=\"woocommerce-loop-product__title\">White<\/h2>\n<\/figcaption><\/figure><\/li>\n<li class=\"w-item col-4 product type-product post-7753 status-publish outofstock product_cat-vinhos-manolito has-post-thumbnail virtual product-type-simple\">\n\t<figure><div class=\"image-wrapper\">            <div class=\"cover-image\">\r\n                <a href=\"https:\/\/adegamarel.pt\/en\/product\/manolito-vinho-tinto-2018\/\">\r\n                <img loading=\"lazy\" decoding=\"async\" width=\"1350\" height=\"1807\" src=\"https:\/\/adegamarel.pt\/wp-content\/uploads\/2020\/03\/Adega-marel-vinho-manolito-tinto-2018-F.jpg\" class=\"attachment-shop_catalog size-shop_catalog wp-post-image\" alt=\"Garrafa de vinho Manolito Tinto com um r\u00f3tulo azul\" \/>                                <\/a>\r\n            <\/div>\r\n            <div class=\"w-product-status\"><div class=\"w-outofstock\"><span>Out of stock<\/span><\/div><\/div><a href=\"https:\/\/adegamarel.pt\/en\/product\/manolito-vinho-tinto-2018\/\" aria-describedby=\"woocommerce_loop_add_to_cart_link_describedby_7753\" data-quantity=\"1\" class=\"button product_type_simple\" data-product_id=\"7753\" data-product_sku=\"\" aria-label=\"Read more about &ldquo;Red&rdquo;\" rel=\"nofollow\" data-success_message=\"\">Read more<\/a>\t<span id=\"woocommerce_loop_add_to_cart_link_describedby_7753\" class=\"screen-reader-text\">\n\t\t\t<\/span>\n<\/div><figcaption><h2 class=\"woocommerce-loop-product__title\">Red<\/h2>\n<\/figcaption><\/figure><\/li>\n<\/ul>\n<\/div>[vc_empty_space height=&#8221;10px&#8221;][wyde_button title=&#8221;Buy Manolito&#8221; style=&#8221;outline&#8221; size=&#8221;large&#8221; link=&#8221;url:%2Fshop%2F%3Fid%3Dshop_filters%26wpf%3D1%26gama%3Dmanolito|title:Shop||&#8221; bg_color=&#8221;#000000&#8243; css=&#8221;.vc_custom_1621001598039{background-color: #000000 !important;}&#8221;][vc_empty_space height=&#8221;100px&#8221;][\/vc_column][\/vc_row][vc_row row_style=&#8221;full-width&#8221; vertical_align=&#8221;middle&#8221; padding_size=&#8221;no-padding&#8221; parallax=&#8221;parallax&#8221; css=&#8221;.vc_custom_1594023653432{margin-right: 0px !important;margin-left: 0px !important;padding-right: 0px !important;padding-left: 0px !important;}&#8221; background_image=&#8221;8344&#8243; bg_image_url=&#8221;https:\/\/adegamarel.pt\/wp-content\/uploads\/2020\/07\/Adega-Marel-vinicola-tonico-03-min-550&#215;550.jpg&#8221; el_id=&#8221;tonico&#8221;][vc_column css=&#8221;.vc_custom_1585300530415{margin-right: 0px !important;margin-left: 0px !important;padding-right: 0px !important;padding-left: 0px !important;}&#8221;][vc_empty_space height=&#8221;25vh&#8221;][vc_single_image alignment=&#8221;center&#8221; image=&#8221;7727&#8243; animation=&#8221;fadeInRight&#8221; css=&#8221;.vc_custom_1585321793108{margin-right: 5% !important;margin-left: 5% !important;}&#8221;][vc_empty_space height=&#8221;25vh&#8221;][\/vc_column][\/vc_row][vc_row padding_size=&#8221;no-padding&#8221; el_class=&#8221;vinhos-produtos&#8221;][vc_column text_align=&#8221;center&#8221; padding_size=&#8221;no-padding&#8221;][vc_empty_space height=&#8221;100px&#8221;][vc_row_inner vertical_align=&#8221;bottom&#8221;][vc_column_inner padding_size=&#8221;no-padding&#8221;][wyde_heading title=&#8221;Tonico&#8221;][vc_single_image alignment=&#8221;center&#8221; el_class=&#8221;grafismo pag-vinhos-right&#8221;][\/vc_column_inner][\/vc_row_inner][vc_row_inner vertical_align=&#8221;bottom&#8221;][vc_column_inner padding_size=&#8221;no-padding&#8221;][vc_empty_space height=&#8221;40px&#8221;][vc_column_text el_class=&#8221;vinhos-textos&#8221;]<\/p>\n<p style=\"text-align: center;\">Grandfather Tonico and his friends get together, every day, to have a small glass of wine -\u201ccopinho\u201d -, catch up and strengthen their friendship. To honor this tradition, we have created our Tonico &#8211; Vinho de Talha. To each clay pot, we\u2019ve added the richness of the multiple native varieties present in the old vineyards. This wine is a result of the generous knowledge sharing between generations, expressing the living memory of this land and its traditions.<\/p>\n<p>[\/vc_column_text][\/vc_column_inner][\/vc_row_inner][vc_empty_space height=&#8221;40px&#8221;]<div class=\"woocommerce columns-3 \"><ul class=\"products w-grid-space clear columns-3\"><li class=\"w-item col-4 product type-product post-8346 status-publish first outofstock product_cat-vinhos-tonico has-post-thumbnail virtual product-type-simple\">\n\t<figure><div class=\"image-wrapper\">            <div class=\"cover-image\">\r\n                <a href=\"https:\/\/adegamarel.pt\/en\/product\/tonico-vinho-branco-2021\/\">\r\n                <img loading=\"lazy\" decoding=\"async\" width=\"1350\" height=\"1807\" src=\"https:\/\/adegamarel.pt\/wp-content\/uploads\/2020\/07\/Adega-marel-tonico-branco.jpg\" class=\"attachment-shop_catalog size-shop_catalog wp-post-image\" alt=\"Garrafa de vinho de talha Tonico branco. O r\u00f3tulo da garrafa em tom de verde e dourado com textura e relevo\" \/>                                <\/a>\r\n            <\/div>\r\n            <div class=\"w-product-status\"><div class=\"w-outofstock\"><span>Out of stock<\/span><\/div><\/div><a href=\"https:\/\/adegamarel.pt\/en\/product\/tonico-vinho-branco-2021\/\" aria-describedby=\"woocommerce_loop_add_to_cart_link_describedby_8346\" data-quantity=\"1\" class=\"button product_type_simple\" data-product_id=\"8346\" data-product_sku=\"\" aria-label=\"Read more about &ldquo;White&rdquo;\" rel=\"nofollow\" data-success_message=\"\">Read more<\/a>\t<span id=\"woocommerce_loop_add_to_cart_link_describedby_8346\" class=\"screen-reader-text\">\n\t\t\t<\/span>\n<\/div><figcaption><h2 class=\"woocommerce-loop-product__title\">White<\/h2>\n<\/figcaption><\/figure><\/li>\n<li class=\"w-item col-4 product type-product post-8591 status-publish outofstock product_cat-vinhos-tonico has-post-thumbnail virtual product-type-simple\">\n\t<figure><div class=\"image-wrapper\">            <div class=\"cover-image\">\r\n                <a href=\"https:\/\/adegamarel.pt\/en\/product\/tonico-vinho-tinto-2021\/\">\r\n                <img loading=\"lazy\" decoding=\"async\" width=\"1350\" height=\"1807\" src=\"https:\/\/adegamarel.pt\/wp-content\/uploads\/2021\/10\/Adega-marel-tonico-tinto.jpg\" class=\"attachment-shop_catalog size-shop_catalog wp-post-image\" alt=\"Garrafa de vinho de talha Tonico tinto. O r\u00f3tulo da garrafa em preto e cinzento com detalhes em dourado\" \/>                                <\/a>\r\n            <\/div>\r\n            <div class=\"w-product-status\"><div class=\"w-outofstock\"><span>Out of stock<\/span><\/div><\/div><a href=\"https:\/\/adegamarel.pt\/en\/product\/tonico-vinho-tinto-2021\/\" aria-describedby=\"woocommerce_loop_add_to_cart_link_describedby_8591\" data-quantity=\"1\" class=\"button product_type_simple\" data-product_id=\"8591\" data-product_sku=\"\" aria-label=\"Read more about &ldquo;Red&rdquo;\" rel=\"nofollow\" data-success_message=\"\">Read more<\/a>\t<span id=\"woocommerce_loop_add_to_cart_link_describedby_8591\" class=\"screen-reader-text\">\n\t\t\t<\/span>\n<\/div><figcaption><h2 class=\"woocommerce-loop-product__title\">Red<\/h2>\n<\/figcaption><\/figure><\/li>\n<\/ul>\n<\/div>[vc_empty_space height=&#8221;100px&#8221;][vc_empty_space height=&#8221;40px&#8221;][\/vc_column][\/vc_row]<\/p>\n<\/section>","protected":false},"excerpt":{"rendered":"<p>[vc_row row_style=&#8221;full-width&#8221; padding_size=&#8221;no-padding&#8221;][vc_column padding_size=&#8221;no-padding&#8221;][rev_slider_vc alias=&#8221;vinhos-fullscreen&#8221;][\/vc_column][\/vc_row][vc_row row_style=&#8221;full-width&#8221; overlap=&#8221;top&#8221; overlap_distance=&#8221;90px&#8221; padding_size=&#8221;no-padding&#8221; css=&#8221;.vc_custom_1585233301693{margin-right: 0px !important;margin-left: 0px !important;padding-right: 0px !important;padding-left: 0px !important;}&#8221; el_class=&#8221;mobile-space&#8221;][vc_column padding_size=&#8221;no-padding&#8221; css=&#8221;.vc_custom_1585221128979{margin-right: 0px !important;margin-left: 0px !important;padding-right: 0px !important;padding-left: 0px !important;}&#8221;][wyde_section_separator style=&#8221;mountain-alt&#8221; background_color=&#8221;#ffffff&#8221; css=&#8221;.vc_custom_1585221118321{margin-right: 0px !important;margin-left: 0px !important;padding-right: 0px !important;padding-left: 0px !important;}&#8221;][\/vc_column][\/vc_row][vc_row padding_size=&#8221;no-padding&#8221; css=&#8221;.vc_custom_1587394131568{margin-top: 0px !important;padding-top: 0px !important;}&#8221;][vc_column padding_size=&#8221;no-padding&#8221; css=&#8221;.vc_custom_1585233226939{margin-top: 0px !important;padding-top: 0px !important;}&#8221;][vc_empty_space height=&#8221;60px&#8221; el_class=&#8221;mobile-space&#8221;][vc_empty_space height=&#8221;60px&#8221;][\/vc_column][\/vc_row][vc_row [&hellip;]<\/p>\n","protected":false},"author":2,"featured_media":0,"parent":0,"menu_order":0,"comment_status":"closed","ping_status":"closed","template":"","meta":{"footnotes":""},"class_list":["post-1834","page","type-page","status-publish","hentry"],"yoast_head":"<!-- This site is optimized with the Yoast SEO plugin v27.5 - https:\/\/yoast.com\/product\/yoast-seo-wordpress\/ -->\n<title>Vinhos de talha do Alentejo &#8226; Adega Marel<\/title>\n<meta name=\"description\" content=\"Os nossos vinhos s\u00e3o produzidos com base em castas tradicionais e conjugam a tradi\u00e7\u00e3o milenar do vinho de talha com t\u00e9cnicas contempor\u00e2neas.\" \/>\n<meta name=\"robots\" content=\"index, follow, max-snippet:-1, max-image-preview:large, max-video-preview:-1\" \/>\n<link rel=\"canonical\" href=\"https:\/\/adegamarel.pt\/en\/vinhos\/\" \/>\n<meta property=\"og:locale\" content=\"en_US\" \/>\n<meta property=\"og:type\" content=\"article\" \/>\n<meta property=\"og:title\" content=\"Vinhos de talha do Alentejo &#8226; Adega Marel\" \/>\n<meta property=\"og:description\" content=\"Os nossos vinhos s\u00e3o produzidos com base em castas tradicionais e conjugam a tradi\u00e7\u00e3o milenar do vinho de talha com t\u00e9cnicas contempor\u00e2neas.\" \/>\n<meta property=\"og:url\" content=\"https:\/\/adegamarel.pt\/en\/vinhos\/\" \/>\n<meta property=\"og:site_name\" content=\"Adega Marel\" \/>\n<meta property=\"article:publisher\" content=\"https:\/\/www.facebook.com\/adega.marel\" \/>\n<meta property=\"article:modified_time\" content=\"2023-08-10T14:20:32+00:00\" \/>\n<meta name=\"twitter:card\" content=\"summary_large_image\" \/>\n<meta name=\"twitter:label1\" content=\"Est. reading time\" \/>\n\t<meta name=\"twitter:data1\" content=\"3 minutes\" \/>\n<script type=\"application\/ld+json\" class=\"yoast-schema-graph\">{\"@context\":\"https:\\\/\\\/schema.org\",\"@graph\":[{\"@type\":\"WebPage\",\"@id\":\"https:\\\/\\\/adegamarel.pt\\\/en\\\/vinhos\\\/\",\"url\":\"https:\\\/\\\/adegamarel.pt\\\/en\\\/vinhos\\\/\",\"name\":\"Vinhos de talha do Alentejo &#8226; Adega Marel\",\"isPartOf\":{\"@id\":\"https:\\\/\\\/adegamarel.pt\\\/en\\\/#website\"},\"datePublished\":\"2016-01-31T07:48:47+00:00\",\"dateModified\":\"2023-08-10T14:20:32+00:00\",\"description\":\"Os nossos vinhos s\u00e3o produzidos com base em castas tradicionais e conjugam a tradi\u00e7\u00e3o milenar do vinho de talha com t\u00e9cnicas contempor\u00e2neas.\",\"breadcrumb\":{\"@id\":\"https:\\\/\\\/adegamarel.pt\\\/en\\\/vinhos\\\/#breadcrumb\"},\"inLanguage\":\"en-US\",\"potentialAction\":[{\"@type\":\"ReadAction\",\"target\":[[\"https:\\\/\\\/adegamarel.pt\\\/en\\\/vinhos\\\/\"]]}]},{\"@type\":\"BreadcrumbList\",\"@id\":\"https:\\\/\\\/adegamarel.pt\\\/en\\\/vinhos\\\/#breadcrumb\",\"itemListElement\":[{\"@type\":\"ListItem\",\"position\":1,\"name\":\"In\u00edcio\",\"item\":\"https:\\\/\\\/adegamarel.pt\\\/en\\\/\"},{\"@type\":\"ListItem\",\"position\":2,\"name\":\"Vinhos\"}]},{\"@type\":\"WebSite\",\"@id\":\"https:\\\/\\\/adegamarel.pt\\\/en\\\/#website\",\"url\":\"https:\\\/\\\/adegamarel.pt\\\/en\\\/\",\"name\":\"Adega Marel\",\"description\":\"Amareleja | Alentejo\",\"publisher\":{\"@id\":\"https:\\\/\\\/adegamarel.pt\\\/en\\\/#organization\"},\"potentialAction\":[{\"@type\":\"SearchAction\",\"target\":{\"@type\":\"EntryPoint\",\"urlTemplate\":\"https:\\\/\\\/adegamarel.pt\\\/en\\\/?s={search_term_string}\"},\"query-input\":{\"@type\":\"PropertyValueSpecification\",\"valueRequired\":true,\"valueName\":\"search_term_string\"}}],\"inLanguage\":\"en-US\"},{\"@type\":\"Organization\",\"@id\":\"https:\\\/\\\/adegamarel.pt\\\/en\\\/#organization\",\"name\":\"Adega Marel\",\"url\":\"https:\\\/\\\/adegamarel.pt\\\/en\\\/\",\"logo\":{\"@type\":\"ImageObject\",\"inLanguage\":\"en-US\",\"@id\":\"https:\\\/\\\/adegamarel.pt\\\/en\\\/#\\\/schema\\\/logo\\\/image\\\/\",\"url\":\"https:\\\/\\\/adegamarel.pt\\\/wp-content\\\/uploads\\\/2019\\\/10\\\/Adega-Marel-Logos-19.png\",\"contentUrl\":\"https:\\\/\\\/adegamarel.pt\\\/wp-content\\\/uploads\\\/2019\\\/10\\\/Adega-Marel-Logos-19.png\",\"width\":100,\"height\":99,\"caption\":\"Adega Marel\"},\"image\":{\"@id\":\"https:\\\/\\\/adegamarel.pt\\\/en\\\/#\\\/schema\\\/logo\\\/image\\\/\"},\"sameAs\":[\"https:\\\/\\\/www.facebook.com\\\/adega.marel\",\"https:\\\/\\\/www.instagram.com\\\/adega.marel\\\/\",\"https:\\\/\\\/www.linkedin.com\\\/company\\\/adega-marel\"]}]}<\/script>\n<!-- \/ Yoast SEO plugin. -->","yoast_head_json":{"title":"Vinhos de talha do Alentejo &#8226; Adega Marel","description":"Os nossos vinhos s\u00e3o produzidos com base em castas tradicionais e conjugam a tradi\u00e7\u00e3o milenar do vinho de talha com t\u00e9cnicas contempor\u00e2neas.","robots":{"index":"index","follow":"follow","max-snippet":"max-snippet:-1","max-image-preview":"max-image-preview:large","max-video-preview":"max-video-preview:-1"},"canonical":"https:\/\/adegamarel.pt\/en\/vinhos\/","og_locale":"en_US","og_type":"article","og_title":"Vinhos de talha do Alentejo &#8226; Adega Marel","og_description":"Os nossos vinhos s\u00e3o produzidos com base em castas tradicionais e conjugam a tradi\u00e7\u00e3o milenar do vinho de talha com t\u00e9cnicas contempor\u00e2neas.","og_url":"https:\/\/adegamarel.pt\/en\/vinhos\/","og_site_name":"Adega Marel","article_publisher":"https:\/\/www.facebook.com\/adega.marel","article_modified_time":"2023-08-10T14:20:32+00:00","twitter_card":"summary_large_image","twitter_misc":{"Est. reading time":"3 minutes"},"schema":{"@context":"https:\/\/schema.org","@graph":[{"@type":"WebPage","@id":"https:\/\/adegamarel.pt\/en\/vinhos\/","url":"https:\/\/adegamarel.pt\/en\/vinhos\/","name":"Vinhos de talha do Alentejo &#8226; Adega Marel","isPartOf":{"@id":"https:\/\/adegamarel.pt\/en\/#website"},"datePublished":"2016-01-31T07:48:47+00:00","dateModified":"2023-08-10T14:20:32+00:00","description":"Os nossos vinhos s\u00e3o produzidos com base em castas tradicionais e conjugam a tradi\u00e7\u00e3o milenar do vinho de talha com t\u00e9cnicas contempor\u00e2neas.","breadcrumb":{"@id":"https:\/\/adegamarel.pt\/en\/vinhos\/#breadcrumb"},"inLanguage":"en-US","potentialAction":[{"@type":"ReadAction","target":[["https:\/\/adegamarel.pt\/en\/vinhos\/"]]}]},{"@type":"BreadcrumbList","@id":"https:\/\/adegamarel.pt\/en\/vinhos\/#breadcrumb","itemListElement":[{"@type":"ListItem","position":1,"name":"In\u00edcio","item":"https:\/\/adegamarel.pt\/en\/"},{"@type":"ListItem","position":2,"name":"Vinhos"}]},{"@type":"WebSite","@id":"https:\/\/adegamarel.pt\/en\/#website","url":"https:\/\/adegamarel.pt\/en\/","name":"Adega Marel","description":"Amareleja | Alentejo","publisher":{"@id":"https:\/\/adegamarel.pt\/en\/#organization"},"potentialAction":[{"@type":"SearchAction","target":{"@type":"EntryPoint","urlTemplate":"https:\/\/adegamarel.pt\/en\/?s={search_term_string}"},"query-input":{"@type":"PropertyValueSpecification","valueRequired":true,"valueName":"search_term_string"}}],"inLanguage":"en-US"},{"@type":"Organization","@id":"https:\/\/adegamarel.pt\/en\/#organization","name":"Adega Marel","url":"https:\/\/adegamarel.pt\/en\/","logo":{"@type":"ImageObject","inLanguage":"en-US","@id":"https:\/\/adegamarel.pt\/en\/#\/schema\/logo\/image\/","url":"https:\/\/adegamarel.pt\/wp-content\/uploads\/2019\/10\/Adega-Marel-Logos-19.png","contentUrl":"https:\/\/adegamarel.pt\/wp-content\/uploads\/2019\/10\/Adega-Marel-Logos-19.png","width":100,"height":99,"caption":"Adega Marel"},"image":{"@id":"https:\/\/adegamarel.pt\/en\/#\/schema\/logo\/image\/"},"sameAs":["https:\/\/www.facebook.com\/adega.marel","https:\/\/www.instagram.com\/adega.marel\/","https:\/\/www.linkedin.com\/company\/adega-marel"]}]}},"rttpg_featured_image_url":null,"rttpg_author":{"display_name":"yk_admin","author_link":"https:\/\/adegamarel.pt\/en\/author\/yk_admin\/"},"rttpg_comment":0,"rttpg_category":null,"rttpg_excerpt":"[vc_row row_style=&#8221;full-width&#8221; padding_size=&#8221;no-padding&#8221;][vc_column padding_size=&#8221;no-padding&#8221;][rev_slider_vc alias=&#8221;vinhos-fullscreen&#8221;][\/vc_column][\/vc_row][vc_row row_style=&#8221;full-width&#8221; overlap=&#8221;top&#8221; overlap_distance=&#8221;90px&#8221; padding_size=&#8221;no-padding&#8221; css=&#8221;.vc_custom_1585233301693{margin-right: 0px !important;margin-left: 0px !important;padding-right: 0px !important;padding-left: 0px !important;}&#8221; el_class=&#8221;mobile-space&#8221;][vc_column padding_size=&#8221;no-padding&#8221; css=&#8221;.vc_custom_1585221128979{margin-right: 0px !important;margin-left: 0px !important;padding-right: 0px !important;padding-left: 0px !important;}&#8221;][wyde_section_separator style=&#8221;mountain-alt&#8221; background_color=&#8221;#ffffff&#8221; css=&#8221;.vc_custom_1585221118321{margin-right: 0px !important;margin-left: 0px !important;padding-right: 0px !important;padding-left: 0px !important;}&#8221;][\/vc_column][\/vc_row][vc_row padding_size=&#8221;no-padding&#8221; css=&#8221;.vc_custom_1587394131568{margin-top: 0px !important;padding-top: 0px !important;}&#8221;][vc_column padding_size=&#8221;no-padding&#8221; css=&#8221;.vc_custom_1585233226939{margin-top: 0px !important;padding-top: 0px !important;}&#8221;][vc_empty_space height=&#8221;60px&#8221; el_class=&#8221;mobile-space&#8221;][vc_empty_space height=&#8221;60px&#8221;][\/vc_column][\/vc_row][vc_row&hellip;","_links":{"self":[{"href":"https:\/\/adegamarel.pt\/en\/wp-json\/wp\/v2\/pages\/1834","targetHints":{"allow":["GET"]}}],"collection":[{"href":"https:\/\/adegamarel.pt\/en\/wp-json\/wp\/v2\/pages"}],"about":[{"href":"https:\/\/adegamarel.pt\/en\/wp-json\/wp\/v2\/types\/page"}],"author":[{"embeddable":true,"href":"https:\/\/adegamarel.pt\/en\/wp-json\/wp\/v2\/users\/2"}],"replies":[{"embeddable":true,"href":"https:\/\/adegamarel.pt\/en\/wp-json\/wp\/v2\/comments?post=1834"}],"version-history":[{"count":138,"href":"https:\/\/adegamarel.pt\/en\/wp-json\/wp\/v2\/pages\/1834\/revisions"}],"predecessor-version":[{"id":8336,"href":"https:\/\/adegamarel.pt\/en\/wp-json\/wp\/v2\/pages\/1834\/revisions\/8336"}],"wp:attachment":[{"href":"https:\/\/adegamarel.pt\/en\/wp-json\/wp\/v2\/media?parent=1834"}],"curies":[{"name":"wp","href":"https:\/\/api.w.org\/{rel}","templated":true}]}}