{"id":7937,"date":"2020-04-20T15:41:47","date_gmt":"2020-04-20T15:41:47","guid":{"rendered":"http:\/\/dev-adegamarel.younik.pt\/?page_id=7937"},"modified":"2020-05-08T15:32:06","modified_gmt":"2020-05-08T15:32:06","slug":"termos-e-condicoes","status":"publish","type":"page","link":"https:\/\/adegamarel.pt\/en\/termos-e-condicoes\/","title":{"rendered":"Termos e Condi\u00e7\u00f5es"},"content":{"rendered":"<section class=\"wpb-content-wrapper\"><p>[vc_row padding_size=&#8221;no-padding&#8221; css=&#8221;.vc_custom_1586947834362{margin-top: 0px !important;padding-top: 0px !important;}&#8221;][vc_column padding_size=&#8221;no-padding&#8221; css=&#8221;.vc_custom_1586947820380{margin-top: 0px !important;padding-top: 0px !important;}&#8221;][vc_empty_space height=&#8221;60px&#8221; el_class=&#8221;mobile-space&#8221;][vc_empty_space height=&#8221;60px&#8221;][\/vc_column][\/vc_row][vc_row padding_size=&#8221;no-padding&#8221;][vc_column][wyde_heading text_align=&#8221;left&#8221; title=&#8221;Termos e Condi\u00e7\u00f5es&#8221;][vc_empty_space height=&#8221;80px&#8221;][vc_column_text css=&#8221;.vc_custom_1588951890305{padding-right: 10px !important;padding-left: 10px !important;}&#8221;]<\/p>\n<h3><strong>Men\u00e7\u00f5es Legais<\/strong><\/h3>\n<p>O site\u00a0 www.adegamarel.pt \u00e9 propriedade da Sociedade Vitivin\u00edcola Courela dos Aleixos, Lda.<br \/>\nRua Dr. Aresta Branco, n\u00ba 46, 7885-060 AMARELEJA<br \/>\nNIF: PT504948130<br \/>\n<a href=\"mailto:loja@adegamarel.pt\">loja@adegamarel.pt<\/a><\/p>\n<p>A navega\u00e7\u00e3o no Site, bem como a compra de qualquer produto na Loja Online implica a aceita\u00e7\u00e3o das presentes Condi\u00e7\u00f5es Gerais pelo Utilizador \/ Cliente.\u00a0 As vendas da Loja online da Adega Marel s\u00e3o exclusivas para Portugal Continental. As presentes condi\u00e7\u00f5es gerais de venda est\u00e3o sujeitas \u00e0 aplica\u00e7\u00e3o da lei Portuguesa.<\/p>\n<p>&nbsp;<\/p>\n<h3><strong>Idade Legal<\/strong><\/h3>\n<p>O excesso de consumo de \u00e1lcool \u00e9 perigoso para a sa\u00fade. A venda de \u00e1lcool \u00e9 proibida a menores de 18 anos. Ao efectuar uma compra na loja online da Adega Marel, o Cliente declara ter mais de 18 anos e n\u00e3o ter qualquer impedimento ou restri\u00e7\u00e3o legal que o impossibilite de comprar bebidas alco\u00f3licas.<\/p>\n<p>&nbsp;<\/p>\n<h3><strong>Ofertas\/Tarifas<\/strong><\/h3>\n<p>Todas as nossas ofertas s\u00e3o limitadas aos stocks dispon\u00edveis. As tarifas est\u00e3o expressas em Euros com IVA inclu\u00eddo. Uma factura expressa em Euros com IVA inclu\u00eddo ser\u00e1 emitida por Sociedade Vitivin\u00edcola Courela dos Aleixos, Lda. e enviada ao cliente para a morada de factura\u00e7\u00e3o por este indicada. Os pre\u00e7os podem ser alterados, sem que da\u00ed resultem indemniza\u00e7\u00f5es para os clientes que tenham adquirido os produtos numa data anterior por um pre\u00e7o superior.<\/p>\n<p>&nbsp;<\/p>\n<h3><strong>Quantidades M\u00ednimas<\/strong><\/h3>\n<p>As quantidades m\u00ednimas est\u00e3o indicadas em cada produto.<\/p>\n<p>&nbsp;<\/p>\n<h3><strong>Modalidades e Condi\u00e7\u00f5es de Pagamento<\/strong><\/h3>\n<p>A Adega Marel disponibiliza aos clientes da sua Loja Online o pagamento por sistema Refer\u00eancia Multibanco e por Transfer\u00eancia Banc\u00e1ria. As encomendas feitas na Loja Online ser\u00e3o enviadas s\u00f3 ap\u00f3s a liquida\u00e7\u00e3o do pagamento.<\/p>\n<p>&nbsp;<\/p>\n<h3><strong>Processamento da Encomenda:<\/strong><\/h3>\n<p style=\"text-align: left;\">As encomendas s\u00e3o executadas por ordem de chegada. No caso de indisponibilidade tempor\u00e1ria ou mesmo definitiva, esta informa\u00e7\u00e3o constar\u00e1 no produto ou ser\u00e1 comunicada ao Cliente atempadamente.<br \/>\nNa encomenda, o cliente dever\u00e1 indicar as quantidades pretendidas, os dados para contacto e morada para entrega, bem como seleccionar o meio de pagamento. Ap\u00f3s a encomenda, o cliente receber\u00e1 um email com o resumo e dados para pagamento.\u00a0Ap\u00f3s a efectiva\u00e7\u00e3o da compra, o cliente receber\u00e1 um e-mail com a confirma\u00e7\u00e3o da mesma e com a indica\u00e7\u00e3o de quais os produtos adquiridos.<\/p>\n<p>&nbsp;<\/p>\n<h3><strong>Cancelamento de encomendas<\/strong><\/h3>\n<p>Se o pagamento n\u00e3o for efectuado no prazo de sete dias \u00fateis, a encomenda ser\u00e1 cancelada. O cancelamento da encomenda poder\u00e1 ainda ser solicitado pelo cliente via email se a encomenda ainda n\u00e3o tiver sido expedida.<\/p>\n<p>&nbsp;<\/p>\n<h3><strong>Entregas<\/strong><\/h3>\n<p>A entrega da encomenda \u00e9 subordinada ao pagamento integral e efectivo do pre\u00e7o indicado (ap\u00f3s a verifica\u00e7\u00e3o da sua boa cobran\u00e7a).<br \/>\nO prazo de entrega inicia-se ap\u00f3s confirma\u00e7\u00e3o do pagamento e valida\u00e7\u00e3o dos dados do cliente.\u00a0As encomendas realizadas na Loja Online da Adega Marel, ser\u00e3o entregues em qualquer local de Portugal Continental e processadas no prazo m\u00e9dio de at\u00e9 5 dias \u00fateis ap\u00f3s pagamento.<br \/>\nAs entregas das encomendas s\u00e3o realizadas na morada indicada pelo cliente. As mesmas s\u00e3o entregues dentro do hor\u00e1rio de expediente (9:00 \u00e0s 19:00). O cliente tem de garantir a presen\u00e7a para a recep\u00e7\u00e3o da encomenda na morada indicada.<br \/>\nA Loja Online da Adega Marel n\u00e3o se responsabiliza por atrasos com motivos alheios ao produtor (ex: desastres naturais, acidentes\u00a0rodovi\u00e1rios, etc\u2026).<\/p>\n<p>&nbsp;<\/p>\n<h3><strong>Custo de transporte e entrega<\/strong><\/h3>\n<p>O custo de transporte depende do peso da encomenda e do respectivo destino de entrega. O\u00a0total de portes ser\u00e1 automaticamente calculado ao efectuar a sua encomenda na loja online.<br \/>\nA Adega Marel disp\u00f5e de embalagens pr\u00f3prias para o transporte da mercadoria, \u00a0de forma a protegerem eficazmente o seu conte\u00fado.<br \/>\nA Loja Online da Adega Marel procura as melhores parcerias com empresas para a realiza\u00e7\u00e3o da entrega da sua encomenda. As entregas n\u00e3o s\u00e3o realizadas aos fins-de-semana.<\/p>\n<p>&nbsp;<\/p>\n<h3><strong>Devolu\u00e7\u00f5es<\/strong><\/h3>\n<p>As encomendas devem ser examinadas pelo cliente no momento da sua recep\u00e7\u00e3o. Caso seja detectada qualquer irregularidade na encomenda ou problemas com o(s) produto(s), o cliente dever\u00e1 devolv\u00ea-lo(s) \u00e0 transportadora, e explicar o motivo da devolu\u00e7\u00e3o na guia de remessa.<br \/>\nPara dar in\u00edcio ao processo de devolu\u00e7\u00e3o o cliente dever\u00e1 enviar um e-mail para\u00a0a Loja Adega Marel\u00a0(loja@adegamarel.pt) sendo na resposta informado de todos os passos que se seguir\u00e3o para a devolu\u00e7\u00e3o do produto e restitui\u00e7\u00e3o do dinheiro entretanto pago, deduzido das despesas de devolu\u00e7\u00e3o, no prazo m\u00e1ximo de 30 dias.<br \/>\nPara que a devolu\u00e7\u00e3o seja aceite o produto devolvido dever\u00e1 estar em devidas condi\u00e7\u00f5es de utiliza\u00e7\u00e3o (incluindo os r\u00f3tulos e contra-r\u00f3tulos) e a devolu\u00e7\u00e3o dever\u00e1 incluir a embalagem original que acompanhava o produto.<\/p>\n<p>&nbsp;<\/p>\n<h3><strong>Encomenda n\u00e3o entregue<\/strong><\/h3>\n<p>No caso da encomenda n\u00e3o ser entregue, por aus\u00eancia do cliente e ap\u00f3s uma tentativa prevista, ser\u00e1 devolvida \u00e0 Adega Marel.<br \/>\nQualquer utilizador que aceda a este site aceita implicitamente e na integra os termos e condi\u00e7\u00f5es de uso apresentados doravante, comprometendo-se tamb\u00e9m a n\u00e3o atacar ou usar ilicitamente os sistemas deste site, aceder a informa\u00e7\u00f5es em \u00e1reas restritas e n\u00e3o autorizadas, alterar o conte\u00fado do site, testar e avaliar a vulnerabilidade do sistema.<br \/>\nO utilizador pode descarregar ou copiar material desde que o mesmo seja para uso pessoal e n\u00e3o comercial, e ser\u00e1 responsabilizado por qualquer viola\u00e7\u00e3o dos termos e condi\u00e7\u00f5es de uso do site.<br \/>\nQuem efetua compras de bebidas alco\u00f3licas em https:\/\/adegamarel.pt declara implicitamente ter idade superior a 18 anos e n\u00e3o apresentar qualquer impedimento e\/ou restri\u00e7\u00e3o legal que o impe\u00e7a de adquirir bebidas alco\u00f3licas.<br \/>\nA Adega Marel reserva-se o direito de interromper ou retirar o acesso \u00e0 loja online caso detecte que o utilizador n\u00e3o cumpre os requisitos legais, ou por outras raz\u00f5es, sejam elas t\u00e9cnicas, administrativas ou situa\u00e7\u00f5es consideradas de for\u00e7a maior.<\/p>\n<p>&nbsp;<\/p>\n<h3><strong>Outros\u00a0<\/strong><\/h3>\n<p>A compra atrav\u00e9s da Loja online destina-se apenas a consumidor final. Caso deseje comprar produtos Adega Marel para fins comerciais ou de revenda entre em contacto atrav\u00e9s do e-mail <a href=\"mailto:adega@adegamarel.pt\">adega@adegamarel.pt<\/a>. Para esclarecimento de qualquer d\u00favida, pedido de informa\u00e7\u00e3o adicional ou envio de sugest\u00f5es, por favor contacte-nos atrav\u00e9s do e-mail\u00a0<a href=\"mailto:loja@adegamarel.pt\">loja@adegamarel.pt<\/a><u>.<\/u><\/p>\n<p>&nbsp;<\/p>\n<h3><strong>Reclama\u00e7\u00f5es<\/strong><\/h3>\n<p>Se deseja fazer uma reclama\u00e7\u00e3o ou um elogio disponibilizamos o\u00a0<a href=\"https:\/\/www.livroreclamacoes.pt\/inicio\">Livro de Reclama\u00e7\u00f5es no formato eletr\u00f3nico<\/a>. A reclama\u00e7\u00e3o apresentada no Livro de Reclama\u00e7\u00f5es Eletr\u00f3nico tem a mesma validade da reclama\u00e7\u00e3o apresentada no livro de reclama\u00e7\u00f5es em papel.[\/vc_column_text][vc_empty_space height=&#8221;80px&#8221; el_class=&#8221;mobile-space&#8221;][vc_empty_space height=&#8221;20px&#8221;][\/vc_column][\/vc_row]<\/p>\n<\/section>","protected":false},"excerpt":{"rendered":"<p>[vc_row padding_size=&#8221;no-padding&#8221; css=&#8221;.vc_custom_1586947834362{margin-top: 0px !important;padding-top: 0px !important;}&#8221;][vc_column padding_size=&#8221;no-padding&#8221; css=&#8221;.vc_custom_1586947820380{margin-top: 0px !important;padding-top: 0px !important;}&#8221;][vc_empty_space height=&#8221;60px&#8221; el_class=&#8221;mobile-space&#8221;][vc_empty_space height=&#8221;60px&#8221;][\/vc_column][\/vc_row][vc_row padding_size=&#8221;no-padding&#8221;][vc_column][wyde_heading text_align=&#8221;left&#8221; title=&#8221;Termos e Condi\u00e7\u00f5es&#8221;][vc_empty_space height=&#8221;80px&#8221;][vc_column_text css=&#8221;.vc_custom_1588951890305{padding-right: 10px !important;padding-left: 10px !important;}&#8221;] Men\u00e7\u00f5es Legais O site\u00a0 www.adegamarel.pt \u00e9 propriedade da Sociedade Vitivin\u00edcola Courela dos Aleixos, Lda. Rua Dr. Aresta Branco, n\u00ba 46, 7885-060 AMARELEJA NIF: PT504948130 loja@adegamarel.pt A navega\u00e7\u00e3o no [&hellip;]<\/p>\n","protected":false},"author":2,"featured_media":0,"parent":0,"menu_order":0,"comment_status":"closed","ping_status":"closed","template":"","meta":{"footnotes":""},"class_list":["post-7937","page","type-page","status-publish","hentry"],"yoast_head":"<!-- This site is optimized with the Yoast SEO plugin v27.5 - https:\/\/yoast.com\/product\/yoast-seo-wordpress\/ -->\n<title>Termos e Condi\u00e7\u00f5es &#8226; Adega Marel<\/title>\n<meta name=\"robots\" content=\"index, follow, max-snippet:-1, max-image-preview:large, max-video-preview:-1\" \/>\n<link rel=\"canonical\" href=\"https:\/\/adegamarel.pt\/en\/termos-e-condicoes\/\" \/>\n<meta property=\"og:locale\" content=\"en_US\" \/>\n<meta property=\"og:type\" content=\"article\" \/>\n<meta property=\"og:title\" content=\"Termos e Condi\u00e7\u00f5es &#8226; Adega Marel\" \/>\n<meta property=\"og:description\" content=\"[vc_row padding_size=&#8221;no-padding&#8221; css=&#8221;.vc_custom_1586947834362{margin-top: 0px !important;padding-top: 0px !important;}&#8221;][vc_column padding_size=&#8221;no-padding&#8221; css=&#8221;.vc_custom_1586947820380{margin-top: 0px !important;padding-top: 0px !important;}&#8221;][vc_empty_space height=&#8221;60px&#8221; el_class=&#8221;mobile-space&#8221;][vc_empty_space height=&#8221;60px&#8221;][\/vc_column][\/vc_row][vc_row padding_size=&#8221;no-padding&#8221;][vc_column][wyde_heading text_align=&#8221;left&#8221; title=&#8221;Termos e Condi\u00e7\u00f5es&#8221;][vc_empty_space height=&#8221;80px&#8221;][vc_column_text css=&#8221;.vc_custom_1588951890305{padding-right: 10px !important;padding-left: 10px !important;}&#8221;] Men\u00e7\u00f5es Legais O site\u00a0 www.adegamarel.pt \u00e9 propriedade da Sociedade Vitivin\u00edcola Courela dos Aleixos, Lda. Rua Dr. Aresta Branco, n\u00ba 46, 7885-060 AMARELEJA NIF: PT504948130 loja@adegamarel.pt A navega\u00e7\u00e3o no [&hellip;]\" \/>\n<meta property=\"og:url\" content=\"https:\/\/adegamarel.pt\/en\/termos-e-condicoes\/\" \/>\n<meta property=\"og:site_name\" content=\"Adega Marel\" \/>\n<meta property=\"article:publisher\" content=\"https:\/\/www.facebook.com\/adega.marel\" \/>\n<meta property=\"article:modified_time\" content=\"2020-05-08T15:32:06+00:00\" \/>\n<meta name=\"twitter:card\" content=\"summary_large_image\" \/>\n<meta name=\"twitter:label1\" content=\"Est. reading time\" \/>\n\t<meta name=\"twitter:data1\" content=\"6 minutes\" \/>\n<script type=\"application\/ld+json\" class=\"yoast-schema-graph\">{\"@context\":\"https:\\\/\\\/schema.org\",\"@graph\":[{\"@type\":\"WebPage\",\"@id\":\"https:\\\/\\\/adegamarel.pt\\\/en\\\/termos-e-condicoes\\\/\",\"url\":\"https:\\\/\\\/adegamarel.pt\\\/en\\\/termos-e-condicoes\\\/\",\"name\":\"Termos e Condi\u00e7\u00f5es &#8226; Adega Marel\",\"isPartOf\":{\"@id\":\"https:\\\/\\\/adegamarel.pt\\\/en\\\/#website\"},\"datePublished\":\"2020-04-20T15:41:47+00:00\",\"dateModified\":\"2020-05-08T15:32:06+00:00\",\"breadcrumb\":{\"@id\":\"https:\\\/\\\/adegamarel.pt\\\/en\\\/termos-e-condicoes\\\/#breadcrumb\"},\"inLanguage\":\"en-US\",\"potentialAction\":[{\"@type\":\"ReadAction\",\"target\":[[\"https:\\\/\\\/adegamarel.pt\\\/en\\\/termos-e-condicoes\\\/\"]]}]},{\"@type\":\"BreadcrumbList\",\"@id\":\"https:\\\/\\\/adegamarel.pt\\\/en\\\/termos-e-condicoes\\\/#breadcrumb\",\"itemListElement\":[{\"@type\":\"ListItem\",\"position\":1,\"name\":\"In\u00edcio\",\"item\":\"https:\\\/\\\/adegamarel.pt\\\/en\\\/\"},{\"@type\":\"ListItem\",\"position\":2,\"name\":\"Termos e Condi\u00e7\u00f5es\"}]},{\"@type\":\"WebSite\",\"@id\":\"https:\\\/\\\/adegamarel.pt\\\/en\\\/#website\",\"url\":\"https:\\\/\\\/adegamarel.pt\\\/en\\\/\",\"name\":\"Adega Marel\",\"description\":\"Amareleja | Alentejo\",\"publisher\":{\"@id\":\"https:\\\/\\\/adegamarel.pt\\\/en\\\/#organization\"},\"potentialAction\":[{\"@type\":\"SearchAction\",\"target\":{\"@type\":\"EntryPoint\",\"urlTemplate\":\"https:\\\/\\\/adegamarel.pt\\\/en\\\/?s={search_term_string}\"},\"query-input\":{\"@type\":\"PropertyValueSpecification\",\"valueRequired\":true,\"valueName\":\"search_term_string\"}}],\"inLanguage\":\"en-US\"},{\"@type\":\"Organization\",\"@id\":\"https:\\\/\\\/adegamarel.pt\\\/en\\\/#organization\",\"name\":\"Adega Marel\",\"url\":\"https:\\\/\\\/adegamarel.pt\\\/en\\\/\",\"logo\":{\"@type\":\"ImageObject\",\"inLanguage\":\"en-US\",\"@id\":\"https:\\\/\\\/adegamarel.pt\\\/en\\\/#\\\/schema\\\/logo\\\/image\\\/\",\"url\":\"https:\\\/\\\/adegamarel.pt\\\/wp-content\\\/uploads\\\/2019\\\/10\\\/Adega-Marel-Logos-19.png\",\"contentUrl\":\"https:\\\/\\\/adegamarel.pt\\\/wp-content\\\/uploads\\\/2019\\\/10\\\/Adega-Marel-Logos-19.png\",\"width\":100,\"height\":99,\"caption\":\"Adega Marel\"},\"image\":{\"@id\":\"https:\\\/\\\/adegamarel.pt\\\/en\\\/#\\\/schema\\\/logo\\\/image\\\/\"},\"sameAs\":[\"https:\\\/\\\/www.facebook.com\\\/adega.marel\",\"https:\\\/\\\/www.instagram.com\\\/adega.marel\\\/\",\"https:\\\/\\\/www.linkedin.com\\\/company\\\/adega-marel\"]}]}<\/script>\n<!-- \/ Yoast SEO plugin. -->","yoast_head_json":{"title":"Termos e Condi\u00e7\u00f5es &#8226; Adega Marel","robots":{"index":"index","follow":"follow","max-snippet":"max-snippet:-1","max-image-preview":"max-image-preview:large","max-video-preview":"max-video-preview:-1"},"canonical":"https:\/\/adegamarel.pt\/en\/termos-e-condicoes\/","og_locale":"en_US","og_type":"article","og_title":"Termos e Condi\u00e7\u00f5es &#8226; Adega Marel","og_description":"[vc_row padding_size=&#8221;no-padding&#8221; css=&#8221;.vc_custom_1586947834362{margin-top: 0px !important;padding-top: 0px !important;}&#8221;][vc_column padding_size=&#8221;no-padding&#8221; css=&#8221;.vc_custom_1586947820380{margin-top: 0px !important;padding-top: 0px !important;}&#8221;][vc_empty_space height=&#8221;60px&#8221; el_class=&#8221;mobile-space&#8221;][vc_empty_space height=&#8221;60px&#8221;][\/vc_column][\/vc_row][vc_row padding_size=&#8221;no-padding&#8221;][vc_column][wyde_heading text_align=&#8221;left&#8221; title=&#8221;Termos e Condi\u00e7\u00f5es&#8221;][vc_empty_space height=&#8221;80px&#8221;][vc_column_text css=&#8221;.vc_custom_1588951890305{padding-right: 10px !important;padding-left: 10px !important;}&#8221;] Men\u00e7\u00f5es Legais O site\u00a0 www.adegamarel.pt \u00e9 propriedade da Sociedade Vitivin\u00edcola Courela dos Aleixos, Lda. Rua Dr. Aresta Branco, n\u00ba 46, 7885-060 AMARELEJA NIF: PT504948130 loja@adegamarel.pt A navega\u00e7\u00e3o no [&hellip;]","og_url":"https:\/\/adegamarel.pt\/en\/termos-e-condicoes\/","og_site_name":"Adega Marel","article_publisher":"https:\/\/www.facebook.com\/adega.marel","article_modified_time":"2020-05-08T15:32:06+00:00","twitter_card":"summary_large_image","twitter_misc":{"Est. reading time":"6 minutes"},"schema":{"@context":"https:\/\/schema.org","@graph":[{"@type":"WebPage","@id":"https:\/\/adegamarel.pt\/en\/termos-e-condicoes\/","url":"https:\/\/adegamarel.pt\/en\/termos-e-condicoes\/","name":"Termos e Condi\u00e7\u00f5es &#8226; Adega Marel","isPartOf":{"@id":"https:\/\/adegamarel.pt\/en\/#website"},"datePublished":"2020-04-20T15:41:47+00:00","dateModified":"2020-05-08T15:32:06+00:00","breadcrumb":{"@id":"https:\/\/adegamarel.pt\/en\/termos-e-condicoes\/#breadcrumb"},"inLanguage":"en-US","potentialAction":[{"@type":"ReadAction","target":[["https:\/\/adegamarel.pt\/en\/termos-e-condicoes\/"]]}]},{"@type":"BreadcrumbList","@id":"https:\/\/adegamarel.pt\/en\/termos-e-condicoes\/#breadcrumb","itemListElement":[{"@type":"ListItem","position":1,"name":"In\u00edcio","item":"https:\/\/adegamarel.pt\/en\/"},{"@type":"ListItem","position":2,"name":"Termos e Condi\u00e7\u00f5es"}]},{"@type":"WebSite","@id":"https:\/\/adegamarel.pt\/en\/#website","url":"https:\/\/adegamarel.pt\/en\/","name":"Adega Marel","description":"Amareleja | Alentejo","publisher":{"@id":"https:\/\/adegamarel.pt\/en\/#organization"},"potentialAction":[{"@type":"SearchAction","target":{"@type":"EntryPoint","urlTemplate":"https:\/\/adegamarel.pt\/en\/?s={search_term_string}"},"query-input":{"@type":"PropertyValueSpecification","valueRequired":true,"valueName":"search_term_string"}}],"inLanguage":"en-US"},{"@type":"Organization","@id":"https:\/\/adegamarel.pt\/en\/#organization","name":"Adega Marel","url":"https:\/\/adegamarel.pt\/en\/","logo":{"@type":"ImageObject","inLanguage":"en-US","@id":"https:\/\/adegamarel.pt\/en\/#\/schema\/logo\/image\/","url":"https:\/\/adegamarel.pt\/wp-content\/uploads\/2019\/10\/Adega-Marel-Logos-19.png","contentUrl":"https:\/\/adegamarel.pt\/wp-content\/uploads\/2019\/10\/Adega-Marel-Logos-19.png","width":100,"height":99,"caption":"Adega Marel"},"image":{"@id":"https:\/\/adegamarel.pt\/en\/#\/schema\/logo\/image\/"},"sameAs":["https:\/\/www.facebook.com\/adega.marel","https:\/\/www.instagram.com\/adega.marel\/","https:\/\/www.linkedin.com\/company\/adega-marel"]}]}},"rttpg_featured_image_url":null,"rttpg_author":{"display_name":"yk_admin","author_link":"https:\/\/adegamarel.pt\/en\/author\/yk_admin\/"},"rttpg_comment":0,"rttpg_category":null,"rttpg_excerpt":"[vc_row padding_size=&#8221;no-padding&#8221; css=&#8221;.vc_custom_1586947834362{margin-top: 0px !important;padding-top: 0px !important;}&#8221;][vc_column padding_size=&#8221;no-padding&#8221; css=&#8221;.vc_custom_1586947820380{margin-top: 0px !important;padding-top: 0px !important;}&#8221;][vc_empty_space height=&#8221;60px&#8221; el_class=&#8221;mobile-space&#8221;][vc_empty_space height=&#8221;60px&#8221;][\/vc_column][\/vc_row][vc_row padding_size=&#8221;no-padding&#8221;][vc_column][wyde_heading text_align=&#8221;left&#8221; title=&#8221;Termos e Condi\u00e7\u00f5es&#8221;][vc_empty_space height=&#8221;80px&#8221;][vc_column_text css=&#8221;.vc_custom_1588951890305{padding-right: 10px !important;padding-left: 10px !important;}&#8221;] Men\u00e7\u00f5es Legais O site\u00a0 www.adegamarel.pt \u00e9 propriedade da Sociedade Vitivin\u00edcola Courela dos Aleixos, Lda. Rua Dr. Aresta Branco, n\u00ba 46, 7885-060 AMARELEJA NIF: PT504948130 loja@adegamarel.pt A navega\u00e7\u00e3o no&hellip;","_links":{"self":[{"href":"https:\/\/adegamarel.pt\/en\/wp-json\/wp\/v2\/pages\/7937","targetHints":{"allow":["GET"]}}],"collection":[{"href":"https:\/\/adegamarel.pt\/en\/wp-json\/wp\/v2\/pages"}],"about":[{"href":"https:\/\/adegamarel.pt\/en\/wp-json\/wp\/v2\/types\/page"}],"author":[{"embeddable":true,"href":"https:\/\/adegamarel.pt\/en\/wp-json\/wp\/v2\/users\/2"}],"replies":[{"embeddable":true,"href":"https:\/\/adegamarel.pt\/en\/wp-json\/wp\/v2\/comments?post=7937"}],"version-history":[{"count":10,"href":"https:\/\/adegamarel.pt\/en\/wp-json\/wp\/v2\/pages\/7937\/revisions"}],"predecessor-version":[{"id":8124,"href":"https:\/\/adegamarel.pt\/en\/wp-json\/wp\/v2\/pages\/7937\/revisions\/8124"}],"wp:attachment":[{"href":"https:\/\/adegamarel.pt\/en\/wp-json\/wp\/v2\/media?parent=7937"}],"curies":[{"name":"wp","href":"https:\/\/api.w.org\/{rel}","templated":true}]}}