{"id":7947,"date":"2020-04-21T08:07:09","date_gmt":"2020-04-21T08:07:09","guid":{"rendered":"http:\/\/dev-adegamarel.younik.pt\/?page_id=7947"},"modified":"2023-08-10T14:45:52","modified_gmt":"2023-08-10T14:45:52","slug":"vinho-de-talha","status":"publish","type":"page","link":"https:\/\/adegamarel.pt\/en\/vinho-de-talha\/","title":{"rendered":"Talhas"},"content":{"rendered":"<section class=\"wpb-content-wrapper\"><p>[vc_row row_style=&#8221;full-width&#8221; padding_size=&#8221;no-padding&#8221;][vc_column padding_size=&#8221;no-padding&#8221;][rev_slider_vc alias=&#8221;talhas&#8221;][\/vc_column][\/vc_row][vc_row row_style=&#8221;full-width&#8221; overlap=&#8221;top&#8221; overlap_distance=&#8221;90px&#8221; padding_size=&#8221;no-padding&#8221; css=&#8221;.vc_custom_1585233301693{margin-right: 0px !important;margin-left: 0px !important;padding-right: 0px !important;padding-left: 0px !important;}&#8221; el_class=&#8221;mobile-space&#8221;][vc_column padding_size=&#8221;no-padding&#8221; css=&#8221;.vc_custom_1585221128979{margin-right: 0px !important;margin-left: 0px !important;padding-right: 0px !important;padding-left: 0px !important;}&#8221;][wyde_section_separator style=&#8221;mountain-alt&#8221; background_color=&#8221;#ffffff&#8221; css=&#8221;.vc_custom_1585221118321{margin-right: 0px !important;margin-left: 0px !important;padding-right: 0px !important;padding-left: 0px !important;}&#8221;][\/vc_column][\/vc_row][vc_row padding_size=&#8221;no-padding&#8221; css=&#8221;.vc_custom_1586947834362{margin-top: 0px !important;padding-top: 0px !important;}&#8221;][vc_column padding_size=&#8221;no-padding&#8221; css=&#8221;.vc_custom_1586947820380{margin-top: 0px !important;padding-top: 0px !important;}&#8221;][vc_empty_space height=&#8221;60px&#8221; el_class=&#8221;mobile-space&#8221;][vc_empty_space height=&#8221;60px&#8221;][\/vc_column][\/vc_row][vc_row padding_size=&#8221;no-padding&#8221;][vc_column][wyde_heading title=&#8221;The &#8216;Talha'&#8221;][wyde_heading subheading=&#8221;Culture&#8221;][vc_empty_space height=&#8221;40px&#8221;][vc_column_text css=&#8221;.vc_custom_1621001109302{padding-right: 3% !important;padding-left: 3% !important;}&#8221; el_class=&#8221;intro-page&#8221;]<\/p>\n<p style=\"text-align: center;\">The <em>Talha<\/em> wine, a patrimonial heritage, plays a central role in the daily life of Amareleja and its identity. It is part, not only of the history and heritage of the Roman presence in the land for more than two thousand years, but an integral part of the culture and social life of the population of Alentejo, especially in the local tradition of the Amareleja, Vidigueira, Cuba and Vila de Frades.<br \/>\nTerritory of small producers in small plots, wine is produced here by everyone (usually as a family), in <em>talhas<\/em> (amphora), mainly for their own consumption, socializing and exchange of experiences, in a spirit of healthy competition.<\/p>\n<p style=\"text-align: center;\">Over the years, the techniques of winemaking in clay pots have been passed down from generation to generation, varying slightly depending on local tradition. Added to the different blend of grape varieties and <em>talhas<\/em> used, this gives the wine a unique richness and diversity.<br \/>\nOn St. Martin&#8217;s Day (11th November), the opening of the <em>talhas<\/em> is celebrated and the wine is shared and tasted by friends and family.<\/p>\n<p style=\"text-align: center;\">During the rest of the year (as long as the <em>talha<\/em> wine lasts) remains the tradition of \u201ccopinho\u201d (i.e. \u201clittle glass\u201d), where every day, before lunch and dinner, these wines are drank throughout all of the taverns of Amareleja as well as in the houses of producers as a way of gathering friends.<\/p>\n<p>[\/vc_column_text][vc_empty_space height=&#8221;60px&#8221; el_class=&#8221;mobile-space&#8221;][\/vc_column][\/vc_row][vc_row padding_size=&#8221;no-padding&#8221;][vc_column offset=&#8221;vc_hidden-sm vc_hidden-xs&#8221;][vc_empty_space height=&#8221;60px&#8221;][\/vc_column][\/vc_row][vc_row row_style=&#8221;full-width&#8221; equal_height=&#8221;true&#8221; vertical_align=&#8221;bottom&#8221; padding_size=&#8221;no-padding&#8221;][vc_column text_align=&#8221;right&#8221; width=&#8221;1\/2&#8243; animation=&#8221;fadeInLeft&#8221; el_class=&#8221;image-column-left&#8221;][vc_single_image alignment=&#8221;right&#8221; image=&#8221;7951&#8243;][\/vc_column][vc_column overlap=&#8221;left&#8221; overlap_index=&#8221;50&#8243; padding_size=&#8221;no-padding&#8221; width=&#8221;1\/2&#8243; animation=&#8221;fadeInUp&#8221; animation_delay=&#8221;1&#8243; el_class=&#8221;image-column-right&#8221;][vc_empty_space height=&#8221;40px&#8221;][wyde_heading text_align=&#8221;left&#8221; title=&#8221;&#8216;Talha&#8217; Wines&#8221; el_class=&#8221;title-offset-left&#8221; subheading=&#8221;Our&#8221;][vc_empty_space height=&#8221;40px&#8221; el_class=&#8221;mobile-space&#8221;][vc_row_inner background_color=&#8221;#ffffff&#8221; css=&#8221;.vc_custom_1586944359981{margin-top: 0px !important;margin-right: 0px !important;margin-bottom: 0px !important;margin-left: 0px !important;padding-top: 5% !important;padding-right: 5% !important;padding-bottom: 5% !important;padding-left: 5% !important;}&#8221;][vc_column_inner][vc_column_text el_class=&#8221;intro-destaque&#8221;]These are wines that speak of an ancestral culture of the vine and wine, vinified in old clay pots (<em>amphora<\/em>) obtained throughout Amareleja, each with its own history and singularities, acquired over the vast years of use.<br \/>\nFor these wines, we use grapes from our older vines (most of which are free-standing).[\/vc_column_text][vc_empty_space height=&#8221;20px&#8221;][\/vc_column_inner][\/vc_row_inner][vc_empty_space][\/vc_column][\/vc_row][vc_row padding_size=&#8221;no-padding&#8221;][vc_column offset=&#8221;vc_hidden-sm vc_hidden-xs&#8221;][vc_empty_space height=&#8221;160px&#8221;][\/vc_column][\/vc_row][vc_row row_style=&#8221;full-width&#8221; equal_height=&#8221;true&#8221; vertical_align=&#8221;bottom&#8221; padding_size=&#8221;no-padding&#8221; column_reverse=&#8221;sm,xs&#8221;][vc_column overlap=&#8221;right&#8221; overlap_index=&#8221;50&#8243; text_align=&#8221;right&#8221; padding_size=&#8221;no-padding&#8221; width=&#8221;1\/2&#8243; animation=&#8221;fadeInUp&#8221; animation_delay=&#8221;1&#8243; el_class=&#8221;text-column-left&#8221;][vc_empty_space height=&#8221;40px&#8221;][wyde_heading title_tag=&#8221;h3&#8243; text_align=&#8221;right&#8221; title=&#8221;the process&#8230;&#8221; el_class=&#8221;title-offset-left sub-titulos-italico&#8221;][vc_empty_space height=&#8221;40px&#8221; el_class=&#8221;mobile-space&#8221;][vc_row_inner background_color=&#8221;#ffffff&#8221; css=&#8221;.vc_custom_1456548609203{margin-top: 0px !important;margin-right: 0px !important;margin-bottom: 0px !important;margin-left: 0px !important;padding-top: 5% !important;padding-right: 5% !important;padding-bottom: 5% !important;padding-left: 5% !important;}&#8221;][vc_column_inner][vc_column_text el_class=&#8221;intro-destaque&#8221;]Harvested by hand, destemmed and crushed. After filling the <em>talhas<\/em> with grapes, the fermentation process begins, without any temperature control. In this phase, the grape must is manually stirred with a wooden puncher, several times a day, in order to guarantee homogeneity throughout the fermentation process and to enhance the extraction of color, aromas and flavors. These daily movements are also important to avoid the accumulation of carbon gas inside the <em>talha<\/em>, which can lead to its bursting. After fermentation, the skins settle on the bottom and stay there for a few months.[\/vc_column_text][vc_empty_space height=&#8221;20px&#8221;][\/vc_column_inner][\/vc_row_inner][vc_empty_space][\/vc_column][vc_column width=&#8221;1\/2&#8243; animation=&#8221;fadeInRight&#8221; el_class=&#8221;image-column-right&#8221;][vc_single_image image=&#8221;7996&#8243;][\/vc_column][\/vc_row][vc_row padding_size=&#8221;no-padding&#8221;][vc_column offset=&#8221;vc_hidden-sm vc_hidden-xs&#8221;][vc_empty_space height=&#8221;160px&#8221;][\/vc_column][\/vc_row][vc_row row_style=&#8221;full-width&#8221; equal_height=&#8221;true&#8221; vertical_align=&#8221;bottom&#8221; padding_size=&#8221;no-padding&#8221;][vc_column text_align=&#8221;right&#8221; width=&#8221;1\/2&#8243; animation=&#8221;fadeInLeft&#8221; el_class=&#8221;image-column-left&#8221;][vc_single_image alignment=&#8221;right&#8221; image=&#8221;7998&#8243;][\/vc_column][vc_column overlap=&#8221;left&#8221; overlap_index=&#8221;50&#8243; padding_size=&#8221;no-padding&#8221; width=&#8221;1\/2&#8243; animation=&#8221;fadeInUp&#8221; animation_delay=&#8221;1&#8243; el_class=&#8221;image-column-right&#8221;][vc_empty_space height=&#8221;40px&#8221;][wyde_heading title_tag=&#8221;h3&#8243; text_align=&#8221;left&#8221; title=&#8221;&#8230;to filtering&#8221; el_class=&#8221;title-offset-left sub-titulos-italico&#8221;][vc_empty_space height=&#8221;40px&#8221; el_class=&#8221;mobile-space&#8221;][vc_row_inner background_color=&#8221;#ffffff&#8221; css=&#8221;.vc_custom_1586944359981{margin-top: 0px !important;margin-right: 0px !important;margin-bottom: 0px !important;margin-left: 0px !important;padding-top: 5% !important;padding-right: 5% !important;padding-bottom: 5% !important;padding-left: 5% !important;}&#8221;][vc_column_inner][vc_column_text el_class=&#8221;intro-destaque&#8221;]Traditionally, the tasting of the long-awaited wines (straight from the pot) is done on St. Martin&#8217;s Day (11th November) .<br \/>\nUsually, the skins remain in the pots until mid-January, when the wine goes through a slow and delicate filtering process. The wine first passes through the skins deposited at the bottom, then through a handmade filter, composed of a cane, that runs through the cork toggle filled with <em>jun\u00e7a<\/em> &#8211; a riverside plant with natural filtering capabilities -, running clear and thin, to the outside.[\/vc_column_text][vc_empty_space height=&#8221;20px&#8221;][\/vc_column_inner][\/vc_row_inner][vc_empty_space][\/vc_column][\/vc_row][vc_row padding_size=&#8221;no-padding&#8221;][vc_column offset=&#8221;vc_hidden-sm vc_hidden-xs&#8221;][vc_empty_space height=&#8221;160px&#8221;][\/vc_column][\/vc_row][vc_row text_style=&#8221;light&#8221; equal_height=&#8221;true&#8221; vertical_align=&#8221;middle&#8221; padding_size=&#8221;no-padding&#8221; parallax=&#8221;parallax&#8221; background_image=&#8221;7784&#8243; bg_image_url=&#8221;https:\/\/adegamarel.pt\/wp-content\/uploads\/2020\/04\/Adega-Marel-vinicola-tonico-01-min-1-150&#215;150.jpg&#8221;][vc_column text_align=&#8221;center&#8221; animation=&#8221;fadeInUp&#8221; css=&#8221;.vc_custom_1587464905753{padding-right: 5% !important;padding-left: 5% !important;}&#8221;][vc_empty_space height=&#8221;25vh&#8221;][vc_single_image alignment=&#8221;center&#8221; image=&#8221;7059&#8243;][vc_empty_space height=&#8221;40px&#8221;][vc_custom_heading text=&#8221;It is from this generous knowledge sharing over generations, with enormous dedication, linger and attention to detail, with which these wines are made. The field blend present in the old vines results in complex and intense profiles, to which the vinification in the \u2018talha\u2019 adds freshness and elegance to the tannins.&#8221; font_container=&#8221;tag:h3|font_size:44|text_align:center|color:%23ffffff|line_height:1.2&#8243; google_fonts=&#8221;font_family:Playfair%20Display%3Aregular%2Citalic%2C700%2C700italic%2C900%2C900italic|font_style:700%20bold%20italic%3A700%3Aitalic&#8221;][vc_empty_space height=&#8221;25vh&#8221;][\/vc_column][\/vc_row]<\/p>\n<\/section>","protected":false},"excerpt":{"rendered":"<p>[vc_row row_style=&#8221;full-width&#8221; padding_size=&#8221;no-padding&#8221;][vc_column padding_size=&#8221;no-padding&#8221;][rev_slider_vc alias=&#8221;talhas&#8221;][\/vc_column][\/vc_row][vc_row row_style=&#8221;full-width&#8221; overlap=&#8221;top&#8221; overlap_distance=&#8221;90px&#8221; padding_size=&#8221;no-padding&#8221; css=&#8221;.vc_custom_1585233301693{margin-right: 0px !important;margin-left: 0px !important;padding-right: 0px !important;padding-left: 0px !important;}&#8221; el_class=&#8221;mobile-space&#8221;][vc_column padding_size=&#8221;no-padding&#8221; css=&#8221;.vc_custom_1585221128979{margin-right: 0px !important;margin-left: 0px !important;padding-right: 0px !important;padding-left: 0px !important;}&#8221;][wyde_section_separator style=&#8221;mountain-alt&#8221; background_color=&#8221;#ffffff&#8221; css=&#8221;.vc_custom_1585221118321{margin-right: 0px !important;margin-left: 0px !important;padding-right: 0px !important;padding-left: 0px !important;}&#8221;][\/vc_column][\/vc_row][vc_row padding_size=&#8221;no-padding&#8221; css=&#8221;.vc_custom_1586947834362{margin-top: 0px !important;padding-top: 0px !important;}&#8221;][vc_column padding_size=&#8221;no-padding&#8221; css=&#8221;.vc_custom_1586947820380{margin-top: 0px !important;padding-top: 0px !important;}&#8221;][vc_empty_space height=&#8221;60px&#8221; el_class=&#8221;mobile-space&#8221;][vc_empty_space height=&#8221;60px&#8221;][\/vc_column][\/vc_row][vc_row [&hellip;]<\/p>\n","protected":false},"author":2,"featured_media":0,"parent":0,"menu_order":0,"comment_status":"closed","ping_status":"closed","template":"","meta":{"footnotes":""},"class_list":["post-7947","page","type-page","status-publish","hentry"],"yoast_head":"<!-- This site is optimized with the Yoast SEO plugin v27.5 - https:\/\/yoast.com\/product\/yoast-seo-wordpress\/ -->\n<title>O Vinho de Talha \u00e9 a tradi\u00e7\u00e3o da Amareleja &#8226; Adega Marel<\/title>\n<meta name=\"description\" content=\"O Vinho de Talha da Amareleja \u00e9 produzido em potes de barro. Da mistura de castas presentes nas vinhas velhas resultam perfis complexos e intensos, a que a vinifica\u00e7\u00e3o em talha acrescenta frescura e eleg\u00e2ncia nos taninos.\" \/>\n<meta name=\"robots\" content=\"index, follow, max-snippet:-1, max-image-preview:large, max-video-preview:-1\" \/>\n<link rel=\"canonical\" href=\"https:\/\/adegamarel.pt\/en\/vinho-de-talha\/\" \/>\n<meta property=\"og:locale\" content=\"en_US\" \/>\n<meta property=\"og:type\" content=\"article\" \/>\n<meta property=\"og:title\" content=\"O Vinho de Talha \u00e9 a tradi\u00e7\u00e3o da Amareleja &#8226; Adega Marel\" \/>\n<meta property=\"og:description\" content=\"O Vinho de Talha da Amareleja \u00e9 produzido em potes de barro. Da mistura de castas presentes nas vinhas velhas resultam perfis complexos e intensos, a que a vinifica\u00e7\u00e3o em talha acrescenta frescura e eleg\u00e2ncia nos taninos.\" \/>\n<meta property=\"og:url\" content=\"https:\/\/adegamarel.pt\/en\/vinho-de-talha\/\" \/>\n<meta property=\"og:site_name\" content=\"Adega Marel\" \/>\n<meta property=\"article:publisher\" content=\"https:\/\/www.facebook.com\/adega.marel\" \/>\n<meta property=\"article:modified_time\" content=\"2023-08-10T14:45:52+00:00\" \/>\n<meta name=\"twitter:card\" content=\"summary_large_image\" \/>\n<meta name=\"twitter:label1\" content=\"Est. reading time\" \/>\n\t<meta name=\"twitter:data1\" content=\"4 minutes\" \/>\n<script type=\"application\/ld+json\" class=\"yoast-schema-graph\">{\"@context\":\"https:\\\/\\\/schema.org\",\"@graph\":[{\"@type\":\"WebPage\",\"@id\":\"https:\\\/\\\/adegamarel.pt\\\/en\\\/vinho-de-talha\\\/\",\"url\":\"https:\\\/\\\/adegamarel.pt\\\/en\\\/vinho-de-talha\\\/\",\"name\":\"O Vinho de Talha \u00e9 a tradi\u00e7\u00e3o da Amareleja &#8226; Adega Marel\",\"isPartOf\":{\"@id\":\"https:\\\/\\\/adegamarel.pt\\\/en\\\/#website\"},\"datePublished\":\"2020-04-21T08:07:09+00:00\",\"dateModified\":\"2023-08-10T14:45:52+00:00\",\"description\":\"O Vinho de Talha da Amareleja \u00e9 produzido em potes de barro. Da mistura de castas presentes nas vinhas velhas resultam perfis complexos e intensos, a que a vinifica\u00e7\u00e3o em talha acrescenta frescura e eleg\u00e2ncia nos taninos.\",\"breadcrumb\":{\"@id\":\"https:\\\/\\\/adegamarel.pt\\\/en\\\/vinho-de-talha\\\/#breadcrumb\"},\"inLanguage\":\"en-US\",\"potentialAction\":[{\"@type\":\"ReadAction\",\"target\":[[\"https:\\\/\\\/adegamarel.pt\\\/en\\\/vinho-de-talha\\\/\"]]}]},{\"@type\":\"BreadcrumbList\",\"@id\":\"https:\\\/\\\/adegamarel.pt\\\/en\\\/vinho-de-talha\\\/#breadcrumb\",\"itemListElement\":[{\"@type\":\"ListItem\",\"position\":1,\"name\":\"In\u00edcio\",\"item\":\"https:\\\/\\\/adegamarel.pt\\\/en\\\/\"},{\"@type\":\"ListItem\",\"position\":2,\"name\":\"Vinho de Talha\"}]},{\"@type\":\"WebSite\",\"@id\":\"https:\\\/\\\/adegamarel.pt\\\/en\\\/#website\",\"url\":\"https:\\\/\\\/adegamarel.pt\\\/en\\\/\",\"name\":\"Adega Marel\",\"description\":\"Amareleja | Alentejo\",\"publisher\":{\"@id\":\"https:\\\/\\\/adegamarel.pt\\\/en\\\/#organization\"},\"potentialAction\":[{\"@type\":\"SearchAction\",\"target\":{\"@type\":\"EntryPoint\",\"urlTemplate\":\"https:\\\/\\\/adegamarel.pt\\\/en\\\/?s={search_term_string}\"},\"query-input\":{\"@type\":\"PropertyValueSpecification\",\"valueRequired\":true,\"valueName\":\"search_term_string\"}}],\"inLanguage\":\"en-US\"},{\"@type\":\"Organization\",\"@id\":\"https:\\\/\\\/adegamarel.pt\\\/en\\\/#organization\",\"name\":\"Adega Marel\",\"url\":\"https:\\\/\\\/adegamarel.pt\\\/en\\\/\",\"logo\":{\"@type\":\"ImageObject\",\"inLanguage\":\"en-US\",\"@id\":\"https:\\\/\\\/adegamarel.pt\\\/en\\\/#\\\/schema\\\/logo\\\/image\\\/\",\"url\":\"https:\\\/\\\/adegamarel.pt\\\/wp-content\\\/uploads\\\/2019\\\/10\\\/Adega-Marel-Logos-19.png\",\"contentUrl\":\"https:\\\/\\\/adegamarel.pt\\\/wp-content\\\/uploads\\\/2019\\\/10\\\/Adega-Marel-Logos-19.png\",\"width\":100,\"height\":99,\"caption\":\"Adega Marel\"},\"image\":{\"@id\":\"https:\\\/\\\/adegamarel.pt\\\/en\\\/#\\\/schema\\\/logo\\\/image\\\/\"},\"sameAs\":[\"https:\\\/\\\/www.facebook.com\\\/adega.marel\",\"https:\\\/\\\/www.instagram.com\\\/adega.marel\\\/\",\"https:\\\/\\\/www.linkedin.com\\\/company\\\/adega-marel\"]}]}<\/script>\n<!-- \/ Yoast SEO plugin. -->","yoast_head_json":{"title":"O Vinho de Talha \u00e9 a tradi\u00e7\u00e3o da Amareleja &#8226; Adega Marel","description":"O Vinho de Talha da Amareleja \u00e9 produzido em potes de barro. Da mistura de castas presentes nas vinhas velhas resultam perfis complexos e intensos, a que a vinifica\u00e7\u00e3o em talha acrescenta frescura e eleg\u00e2ncia nos taninos.","robots":{"index":"index","follow":"follow","max-snippet":"max-snippet:-1","max-image-preview":"max-image-preview:large","max-video-preview":"max-video-preview:-1"},"canonical":"https:\/\/adegamarel.pt\/en\/vinho-de-talha\/","og_locale":"en_US","og_type":"article","og_title":"O Vinho de Talha \u00e9 a tradi\u00e7\u00e3o da Amareleja &#8226; Adega Marel","og_description":"O Vinho de Talha da Amareleja \u00e9 produzido em potes de barro. Da mistura de castas presentes nas vinhas velhas resultam perfis complexos e intensos, a que a vinifica\u00e7\u00e3o em talha acrescenta frescura e eleg\u00e2ncia nos taninos.","og_url":"https:\/\/adegamarel.pt\/en\/vinho-de-talha\/","og_site_name":"Adega Marel","article_publisher":"https:\/\/www.facebook.com\/adega.marel","article_modified_time":"2023-08-10T14:45:52+00:00","twitter_card":"summary_large_image","twitter_misc":{"Est. reading time":"4 minutes"},"schema":{"@context":"https:\/\/schema.org","@graph":[{"@type":"WebPage","@id":"https:\/\/adegamarel.pt\/en\/vinho-de-talha\/","url":"https:\/\/adegamarel.pt\/en\/vinho-de-talha\/","name":"O Vinho de Talha \u00e9 a tradi\u00e7\u00e3o da Amareleja &#8226; Adega Marel","isPartOf":{"@id":"https:\/\/adegamarel.pt\/en\/#website"},"datePublished":"2020-04-21T08:07:09+00:00","dateModified":"2023-08-10T14:45:52+00:00","description":"O Vinho de Talha da Amareleja \u00e9 produzido em potes de barro. Da mistura de castas presentes nas vinhas velhas resultam perfis complexos e intensos, a que a vinifica\u00e7\u00e3o em talha acrescenta frescura e eleg\u00e2ncia nos taninos.","breadcrumb":{"@id":"https:\/\/adegamarel.pt\/en\/vinho-de-talha\/#breadcrumb"},"inLanguage":"en-US","potentialAction":[{"@type":"ReadAction","target":[["https:\/\/adegamarel.pt\/en\/vinho-de-talha\/"]]}]},{"@type":"BreadcrumbList","@id":"https:\/\/adegamarel.pt\/en\/vinho-de-talha\/#breadcrumb","itemListElement":[{"@type":"ListItem","position":1,"name":"In\u00edcio","item":"https:\/\/adegamarel.pt\/en\/"},{"@type":"ListItem","position":2,"name":"Vinho de Talha"}]},{"@type":"WebSite","@id":"https:\/\/adegamarel.pt\/en\/#website","url":"https:\/\/adegamarel.pt\/en\/","name":"Adega Marel","description":"Amareleja | Alentejo","publisher":{"@id":"https:\/\/adegamarel.pt\/en\/#organization"},"potentialAction":[{"@type":"SearchAction","target":{"@type":"EntryPoint","urlTemplate":"https:\/\/adegamarel.pt\/en\/?s={search_term_string}"},"query-input":{"@type":"PropertyValueSpecification","valueRequired":true,"valueName":"search_term_string"}}],"inLanguage":"en-US"},{"@type":"Organization","@id":"https:\/\/adegamarel.pt\/en\/#organization","name":"Adega Marel","url":"https:\/\/adegamarel.pt\/en\/","logo":{"@type":"ImageObject","inLanguage":"en-US","@id":"https:\/\/adegamarel.pt\/en\/#\/schema\/logo\/image\/","url":"https:\/\/adegamarel.pt\/wp-content\/uploads\/2019\/10\/Adega-Marel-Logos-19.png","contentUrl":"https:\/\/adegamarel.pt\/wp-content\/uploads\/2019\/10\/Adega-Marel-Logos-19.png","width":100,"height":99,"caption":"Adega Marel"},"image":{"@id":"https:\/\/adegamarel.pt\/en\/#\/schema\/logo\/image\/"},"sameAs":["https:\/\/www.facebook.com\/adega.marel","https:\/\/www.instagram.com\/adega.marel\/","https:\/\/www.linkedin.com\/company\/adega-marel"]}]}},"rttpg_featured_image_url":null,"rttpg_author":{"display_name":"yk_admin","author_link":"https:\/\/adegamarel.pt\/en\/author\/yk_admin\/"},"rttpg_comment":0,"rttpg_category":null,"rttpg_excerpt":"[vc_row row_style=&#8221;full-width&#8221; padding_size=&#8221;no-padding&#8221;][vc_column padding_size=&#8221;no-padding&#8221;][rev_slider_vc alias=&#8221;talhas&#8221;][\/vc_column][\/vc_row][vc_row row_style=&#8221;full-width&#8221; overlap=&#8221;top&#8221; overlap_distance=&#8221;90px&#8221; padding_size=&#8221;no-padding&#8221; css=&#8221;.vc_custom_1585233301693{margin-right: 0px !important;margin-left: 0px !important;padding-right: 0px !important;padding-left: 0px !important;}&#8221; el_class=&#8221;mobile-space&#8221;][vc_column padding_size=&#8221;no-padding&#8221; css=&#8221;.vc_custom_1585221128979{margin-right: 0px !important;margin-left: 0px !important;padding-right: 0px !important;padding-left: 0px !important;}&#8221;][wyde_section_separator style=&#8221;mountain-alt&#8221; background_color=&#8221;#ffffff&#8221; css=&#8221;.vc_custom_1585221118321{margin-right: 0px !important;margin-left: 0px !important;padding-right: 0px !important;padding-left: 0px !important;}&#8221;][\/vc_column][\/vc_row][vc_row padding_size=&#8221;no-padding&#8221; css=&#8221;.vc_custom_1586947834362{margin-top: 0px !important;padding-top: 0px !important;}&#8221;][vc_column padding_size=&#8221;no-padding&#8221; css=&#8221;.vc_custom_1586947820380{margin-top: 0px !important;padding-top: 0px !important;}&#8221;][vc_empty_space height=&#8221;60px&#8221; el_class=&#8221;mobile-space&#8221;][vc_empty_space height=&#8221;60px&#8221;][\/vc_column][\/vc_row][vc_row&hellip;","_links":{"self":[{"href":"https:\/\/adegamarel.pt\/en\/wp-json\/wp\/v2\/pages\/7947","targetHints":{"allow":["GET"]}}],"collection":[{"href":"https:\/\/adegamarel.pt\/en\/wp-json\/wp\/v2\/pages"}],"about":[{"href":"https:\/\/adegamarel.pt\/en\/wp-json\/wp\/v2\/types\/page"}],"author":[{"embeddable":true,"href":"https:\/\/adegamarel.pt\/en\/wp-json\/wp\/v2\/users\/2"}],"replies":[{"embeddable":true,"href":"https:\/\/adegamarel.pt\/en\/wp-json\/wp\/v2\/comments?post=7947"}],"version-history":[{"count":36,"href":"https:\/\/adegamarel.pt\/en\/wp-json\/wp\/v2\/pages\/7947\/revisions"}],"predecessor-version":[{"id":8733,"href":"https:\/\/adegamarel.pt\/en\/wp-json\/wp\/v2\/pages\/7947\/revisions\/8733"}],"wp:attachment":[{"href":"https:\/\/adegamarel.pt\/en\/wp-json\/wp\/v2\/media?parent=7947"}],"curies":[{"name":"wp","href":"https:\/\/api.w.org\/{rel}","templated":true}]}}