{"id":8111,"date":"2020-05-05T14:29:50","date_gmt":"2020-05-05T14:29:50","guid":{"rendered":"http:\/\/dev-adegamarel.younik.pt\/?page_id=8111"},"modified":"2020-05-21T08:59:22","modified_gmt":"2020-05-21T08:59:22","slug":"politica-privacidade","status":"publish","type":"page","link":"https:\/\/adegamarel.pt\/en\/politica-privacidade\/","title":{"rendered":"Pol\u00edtica de Privacidade"},"content":{"rendered":"<section class=\"wpb-content-wrapper\"><p>[vc_row padding_size=&#8221;no-padding&#8221; css=&#8221;.vc_custom_1586947834362{margin-top: 0px !important;padding-top: 0px !important;}&#8221;][vc_column padding_size=&#8221;no-padding&#8221; css=&#8221;.vc_custom_1586947820380{margin-top: 0px !important;padding-top: 0px !important;}&#8221;][vc_empty_space height=&#8221;60px&#8221; el_class=&#8221;mobile-space&#8221;][vc_empty_space height=&#8221;60px&#8221;][\/vc_column][\/vc_row][vc_row padding_size=&#8221;no-padding&#8221;][vc_column][wyde_heading text_align=&#8221;left&#8221; title=&#8221;Pol\u00edtica de Privacidade&#8221;][vc_empty_space height=&#8221;80px&#8221;][vc_column_text css=&#8221;.vc_custom_1590051516986{padding-right: 10px !important;padding-left: 10px !important;}&#8221;]<\/p>\n<h3><strong>Men\u00e7\u00f5es Legais<\/strong><\/h3>\n<p>O site\u00a0 www.adegamarel.pt \u00e9 propriedade da Sociedade Vitivin\u00edcola Courela dos Aleixos, Lda.<br \/>\nRua Dr. Aresta Branco, n\u00ba 46, 7885-060 AMARELEJA<br \/>\nNIF: PT504948130<br \/>\n<a href=\"mailto:loja@adegamarel.pt\">loja@adegamarel.pt<\/a><\/p>\n<p>O seu direito \u00e0 privacidade \u00e9 importante para n\u00f3s, por isso garantimos o respeito pelos direitos de privacidade de todos os visitantes deste site.<\/p>\n<p>Os utilizadores poder\u00e3o navegar nesta Loja Online (ver <a href=\"\/termos-e-condicoes\/\">Termos e Condi\u00e7\u00f5es<\/a>) de forma an\u00f3nima, sem fornecer qualquer informa\u00e7\u00e3o pessoal, no entanto a Adega Marel poder\u00e1 recolher informa\u00e7\u00f5es sobre os comportamentos no site, que n\u00e3o sejam de car\u00e1cter pessoal, para melhorar a sua navegabilidade.<\/p>\n<p>Os dados recolhidos destinam-se exclusivamente a uso interno, sendo garantida a privacidade e protec\u00e7\u00e3o dos dados registados pelos utilizadores.<\/p>\n<p>Os dados pessoais dos clientes s\u00e3o fornecidos de forma volunt\u00e1ria durante o registo e n\u00e3o ser\u00e3o revelados a terceiros, sendo utilizados para processamento de encomendas e eventuais promo\u00e7\u00f5es de produtos por parte da Adega Marel.<\/p>\n<p>A Adega Marel compromete-se em n\u00e3o divulgar, ceder ou vender a terceiros os seus dados pessoais.<\/p>\n<p>Esta pol\u00edtica de privacidade pode,eventualmente, ser alterada no futuro. Para o esclarecimento de qualquer d\u00favida, por contacte-nos por correio eletr\u00f3nico para\u00a0<a href=\"mailto:adega@adegamarel.pt\"><u>adega@adegamarel.pt<\/u><\/a>.<\/p>\n<p>&nbsp;<\/p>\n<h3><strong>Reclama\u00e7\u00f5es<\/strong><\/h3>\n<p>Se deseja fazer uma reclama\u00e7\u00e3o ou um elogio disponibilizamos o\u00a0<a href=\"https:\/\/www.livroreclamacoes.pt\/inicio\">Livro de Reclama\u00e7\u00f5es no formato eletr\u00f3nico<\/a>. A reclama\u00e7\u00e3o apresentada no Livro de Reclama\u00e7\u00f5es Eletr\u00f3nico tem a mesma validade da reclama\u00e7\u00e3o apresentada no livro de reclama\u00e7\u00f5es em papel.[\/vc_column_text][vc_empty_space height=&#8221;80px&#8221; el_class=&#8221;mobile-space&#8221;][vc_empty_space height=&#8221;20px&#8221;][\/vc_column][\/vc_row]<\/p>\n<\/section>","protected":false},"excerpt":{"rendered":"<p>[vc_row padding_size=&#8221;no-padding&#8221; css=&#8221;.vc_custom_1586947834362{margin-top: 0px !important;padding-top: 0px !important;}&#8221;][vc_column padding_size=&#8221;no-padding&#8221; css=&#8221;.vc_custom_1586947820380{margin-top: 0px !important;padding-top: 0px !important;}&#8221;][vc_empty_space height=&#8221;60px&#8221; el_class=&#8221;mobile-space&#8221;][vc_empty_space height=&#8221;60px&#8221;][\/vc_column][\/vc_row][vc_row padding_size=&#8221;no-padding&#8221;][vc_column][wyde_heading text_align=&#8221;left&#8221; title=&#8221;Pol\u00edtica de Privacidade&#8221;][vc_empty_space height=&#8221;80px&#8221;][vc_column_text css=&#8221;.vc_custom_1590051516986{padding-right: 10px !important;padding-left: 10px !important;}&#8221;] Men\u00e7\u00f5es Legais O site\u00a0 www.adegamarel.pt \u00e9 propriedade da Sociedade Vitivin\u00edcola Courela dos Aleixos, Lda. Rua Dr. Aresta Branco, n\u00ba 46, 7885-060 AMARELEJA NIF: PT504948130 loja@adegamarel.pt O seu direito [&hellip;]<\/p>\n","protected":false},"author":2,"featured_media":0,"parent":0,"menu_order":0,"comment_status":"closed","ping_status":"closed","template":"","meta":{"footnotes":""},"class_list":["post-8111","page","type-page","status-publish","hentry"],"yoast_head":"<!-- This site is optimized with the Yoast SEO plugin v27.5 - https:\/\/yoast.com\/product\/yoast-seo-wordpress\/ -->\n<title>Pol\u00edtica de Privacidade &#8226; Adega Marel<\/title>\n<meta name=\"robots\" content=\"index, follow, max-snippet:-1, max-image-preview:large, max-video-preview:-1\" \/>\n<link rel=\"canonical\" href=\"https:\/\/adegamarel.pt\/en\/politica-privacidade\/\" \/>\n<meta property=\"og:locale\" content=\"en_US\" \/>\n<meta property=\"og:type\" content=\"article\" \/>\n<meta property=\"og:title\" content=\"Pol\u00edtica de Privacidade &#8226; Adega Marel\" \/>\n<meta property=\"og:description\" content=\"[vc_row padding_size=&#8221;no-padding&#8221; css=&#8221;.vc_custom_1586947834362{margin-top: 0px !important;padding-top: 0px !important;}&#8221;][vc_column padding_size=&#8221;no-padding&#8221; css=&#8221;.vc_custom_1586947820380{margin-top: 0px !important;padding-top: 0px !important;}&#8221;][vc_empty_space height=&#8221;60px&#8221; el_class=&#8221;mobile-space&#8221;][vc_empty_space height=&#8221;60px&#8221;][\/vc_column][\/vc_row][vc_row padding_size=&#8221;no-padding&#8221;][vc_column][wyde_heading text_align=&#8221;left&#8221; title=&#8221;Pol\u00edtica de Privacidade&#8221;][vc_empty_space height=&#8221;80px&#8221;][vc_column_text css=&#8221;.vc_custom_1590051516986{padding-right: 10px !important;padding-left: 10px !important;}&#8221;] Men\u00e7\u00f5es Legais O site\u00a0 www.adegamarel.pt \u00e9 propriedade da Sociedade Vitivin\u00edcola Courela dos Aleixos, Lda. Rua Dr. Aresta Branco, n\u00ba 46, 7885-060 AMARELEJA NIF: PT504948130 loja@adegamarel.pt O seu direito [&hellip;]\" \/>\n<meta property=\"og:url\" content=\"https:\/\/adegamarel.pt\/en\/politica-privacidade\/\" \/>\n<meta property=\"og:site_name\" content=\"Adega Marel\" \/>\n<meta property=\"article:publisher\" content=\"https:\/\/www.facebook.com\/adega.marel\" \/>\n<meta property=\"article:modified_time\" content=\"2020-05-21T08:59:22+00:00\" \/>\n<meta name=\"twitter:card\" content=\"summary_large_image\" \/>\n<meta name=\"twitter:label1\" content=\"Est. reading time\" \/>\n\t<meta name=\"twitter:data1\" content=\"2 minutes\" \/>\n<script type=\"application\/ld+json\" class=\"yoast-schema-graph\">{\"@context\":\"https:\\\/\\\/schema.org\",\"@graph\":[{\"@type\":\"WebPage\",\"@id\":\"https:\\\/\\\/adegamarel.pt\\\/en\\\/politica-privacidade\\\/\",\"url\":\"https:\\\/\\\/adegamarel.pt\\\/en\\\/politica-privacidade\\\/\",\"name\":\"Pol\u00edtica de Privacidade &#8226; Adega Marel\",\"isPartOf\":{\"@id\":\"https:\\\/\\\/adegamarel.pt\\\/en\\\/#website\"},\"datePublished\":\"2020-05-05T14:29:50+00:00\",\"dateModified\":\"2020-05-21T08:59:22+00:00\",\"breadcrumb\":{\"@id\":\"https:\\\/\\\/adegamarel.pt\\\/en\\\/politica-privacidade\\\/#breadcrumb\"},\"inLanguage\":\"en-US\",\"potentialAction\":[{\"@type\":\"ReadAction\",\"target\":[[\"https:\\\/\\\/adegamarel.pt\\\/en\\\/politica-privacidade\\\/\"]]}]},{\"@type\":\"BreadcrumbList\",\"@id\":\"https:\\\/\\\/adegamarel.pt\\\/en\\\/politica-privacidade\\\/#breadcrumb\",\"itemListElement\":[{\"@type\":\"ListItem\",\"position\":1,\"name\":\"In\u00edcio\",\"item\":\"https:\\\/\\\/adegamarel.pt\\\/en\\\/\"},{\"@type\":\"ListItem\",\"position\":2,\"name\":\"Pol\u00edtica de Privacidade\"}]},{\"@type\":\"WebSite\",\"@id\":\"https:\\\/\\\/adegamarel.pt\\\/en\\\/#website\",\"url\":\"https:\\\/\\\/adegamarel.pt\\\/en\\\/\",\"name\":\"Adega Marel\",\"description\":\"Amareleja | Alentejo\",\"publisher\":{\"@id\":\"https:\\\/\\\/adegamarel.pt\\\/en\\\/#organization\"},\"potentialAction\":[{\"@type\":\"SearchAction\",\"target\":{\"@type\":\"EntryPoint\",\"urlTemplate\":\"https:\\\/\\\/adegamarel.pt\\\/en\\\/?s={search_term_string}\"},\"query-input\":{\"@type\":\"PropertyValueSpecification\",\"valueRequired\":true,\"valueName\":\"search_term_string\"}}],\"inLanguage\":\"en-US\"},{\"@type\":\"Organization\",\"@id\":\"https:\\\/\\\/adegamarel.pt\\\/en\\\/#organization\",\"name\":\"Adega Marel\",\"url\":\"https:\\\/\\\/adegamarel.pt\\\/en\\\/\",\"logo\":{\"@type\":\"ImageObject\",\"inLanguage\":\"en-US\",\"@id\":\"https:\\\/\\\/adegamarel.pt\\\/en\\\/#\\\/schema\\\/logo\\\/image\\\/\",\"url\":\"https:\\\/\\\/adegamarel.pt\\\/wp-content\\\/uploads\\\/2019\\\/10\\\/Adega-Marel-Logos-19.png\",\"contentUrl\":\"https:\\\/\\\/adegamarel.pt\\\/wp-content\\\/uploads\\\/2019\\\/10\\\/Adega-Marel-Logos-19.png\",\"width\":100,\"height\":99,\"caption\":\"Adega Marel\"},\"image\":{\"@id\":\"https:\\\/\\\/adegamarel.pt\\\/en\\\/#\\\/schema\\\/logo\\\/image\\\/\"},\"sameAs\":[\"https:\\\/\\\/www.facebook.com\\\/adega.marel\",\"https:\\\/\\\/www.instagram.com\\\/adega.marel\\\/\",\"https:\\\/\\\/www.linkedin.com\\\/company\\\/adega-marel\"]}]}<\/script>\n<!-- \/ Yoast SEO plugin. -->","yoast_head_json":{"title":"Pol\u00edtica de Privacidade &#8226; Adega Marel","robots":{"index":"index","follow":"follow","max-snippet":"max-snippet:-1","max-image-preview":"max-image-preview:large","max-video-preview":"max-video-preview:-1"},"canonical":"https:\/\/adegamarel.pt\/en\/politica-privacidade\/","og_locale":"en_US","og_type":"article","og_title":"Pol\u00edtica de Privacidade &#8226; Adega Marel","og_description":"[vc_row padding_size=&#8221;no-padding&#8221; css=&#8221;.vc_custom_1586947834362{margin-top: 0px !important;padding-top: 0px !important;}&#8221;][vc_column padding_size=&#8221;no-padding&#8221; css=&#8221;.vc_custom_1586947820380{margin-top: 0px !important;padding-top: 0px !important;}&#8221;][vc_empty_space height=&#8221;60px&#8221; el_class=&#8221;mobile-space&#8221;][vc_empty_space height=&#8221;60px&#8221;][\/vc_column][\/vc_row][vc_row padding_size=&#8221;no-padding&#8221;][vc_column][wyde_heading text_align=&#8221;left&#8221; title=&#8221;Pol\u00edtica de Privacidade&#8221;][vc_empty_space height=&#8221;80px&#8221;][vc_column_text css=&#8221;.vc_custom_1590051516986{padding-right: 10px !important;padding-left: 10px !important;}&#8221;] Men\u00e7\u00f5es Legais O site\u00a0 www.adegamarel.pt \u00e9 propriedade da Sociedade Vitivin\u00edcola Courela dos Aleixos, Lda. Rua Dr. Aresta Branco, n\u00ba 46, 7885-060 AMARELEJA NIF: PT504948130 loja@adegamarel.pt O seu direito [&hellip;]","og_url":"https:\/\/adegamarel.pt\/en\/politica-privacidade\/","og_site_name":"Adega Marel","article_publisher":"https:\/\/www.facebook.com\/adega.marel","article_modified_time":"2020-05-21T08:59:22+00:00","twitter_card":"summary_large_image","twitter_misc":{"Est. reading time":"2 minutes"},"schema":{"@context":"https:\/\/schema.org","@graph":[{"@type":"WebPage","@id":"https:\/\/adegamarel.pt\/en\/politica-privacidade\/","url":"https:\/\/adegamarel.pt\/en\/politica-privacidade\/","name":"Pol\u00edtica de Privacidade &#8226; Adega Marel","isPartOf":{"@id":"https:\/\/adegamarel.pt\/en\/#website"},"datePublished":"2020-05-05T14:29:50+00:00","dateModified":"2020-05-21T08:59:22+00:00","breadcrumb":{"@id":"https:\/\/adegamarel.pt\/en\/politica-privacidade\/#breadcrumb"},"inLanguage":"en-US","potentialAction":[{"@type":"ReadAction","target":[["https:\/\/adegamarel.pt\/en\/politica-privacidade\/"]]}]},{"@type":"BreadcrumbList","@id":"https:\/\/adegamarel.pt\/en\/politica-privacidade\/#breadcrumb","itemListElement":[{"@type":"ListItem","position":1,"name":"In\u00edcio","item":"https:\/\/adegamarel.pt\/en\/"},{"@type":"ListItem","position":2,"name":"Pol\u00edtica de Privacidade"}]},{"@type":"WebSite","@id":"https:\/\/adegamarel.pt\/en\/#website","url":"https:\/\/adegamarel.pt\/en\/","name":"Adega Marel","description":"Amareleja | Alentejo","publisher":{"@id":"https:\/\/adegamarel.pt\/en\/#organization"},"potentialAction":[{"@type":"SearchAction","target":{"@type":"EntryPoint","urlTemplate":"https:\/\/adegamarel.pt\/en\/?s={search_term_string}"},"query-input":{"@type":"PropertyValueSpecification","valueRequired":true,"valueName":"search_term_string"}}],"inLanguage":"en-US"},{"@type":"Organization","@id":"https:\/\/adegamarel.pt\/en\/#organization","name":"Adega Marel","url":"https:\/\/adegamarel.pt\/en\/","logo":{"@type":"ImageObject","inLanguage":"en-US","@id":"https:\/\/adegamarel.pt\/en\/#\/schema\/logo\/image\/","url":"https:\/\/adegamarel.pt\/wp-content\/uploads\/2019\/10\/Adega-Marel-Logos-19.png","contentUrl":"https:\/\/adegamarel.pt\/wp-content\/uploads\/2019\/10\/Adega-Marel-Logos-19.png","width":100,"height":99,"caption":"Adega Marel"},"image":{"@id":"https:\/\/adegamarel.pt\/en\/#\/schema\/logo\/image\/"},"sameAs":["https:\/\/www.facebook.com\/adega.marel","https:\/\/www.instagram.com\/adega.marel\/","https:\/\/www.linkedin.com\/company\/adega-marel"]}]}},"rttpg_featured_image_url":null,"rttpg_author":{"display_name":"yk_admin","author_link":"https:\/\/adegamarel.pt\/en\/author\/yk_admin\/"},"rttpg_comment":0,"rttpg_category":null,"rttpg_excerpt":"[vc_row padding_size=&#8221;no-padding&#8221; css=&#8221;.vc_custom_1586947834362{margin-top: 0px !important;padding-top: 0px !important;}&#8221;][vc_column padding_size=&#8221;no-padding&#8221; css=&#8221;.vc_custom_1586947820380{margin-top: 0px !important;padding-top: 0px !important;}&#8221;][vc_empty_space height=&#8221;60px&#8221; el_class=&#8221;mobile-space&#8221;][vc_empty_space height=&#8221;60px&#8221;][\/vc_column][\/vc_row][vc_row padding_size=&#8221;no-padding&#8221;][vc_column][wyde_heading text_align=&#8221;left&#8221; title=&#8221;Pol\u00edtica de Privacidade&#8221;][vc_empty_space height=&#8221;80px&#8221;][vc_column_text css=&#8221;.vc_custom_1590051516986{padding-right: 10px !important;padding-left: 10px !important;}&#8221;] Men\u00e7\u00f5es Legais O site\u00a0 www.adegamarel.pt \u00e9 propriedade da Sociedade Vitivin\u00edcola Courela dos Aleixos, Lda. Rua Dr. Aresta Branco, n\u00ba 46, 7885-060 AMARELEJA NIF: PT504948130 loja@adegamarel.pt O seu direito&hellip;","_links":{"self":[{"href":"https:\/\/adegamarel.pt\/en\/wp-json\/wp\/v2\/pages\/8111","targetHints":{"allow":["GET"]}}],"collection":[{"href":"https:\/\/adegamarel.pt\/en\/wp-json\/wp\/v2\/pages"}],"about":[{"href":"https:\/\/adegamarel.pt\/en\/wp-json\/wp\/v2\/types\/page"}],"author":[{"embeddable":true,"href":"https:\/\/adegamarel.pt\/en\/wp-json\/wp\/v2\/users\/2"}],"replies":[{"embeddable":true,"href":"https:\/\/adegamarel.pt\/en\/wp-json\/wp\/v2\/comments?post=8111"}],"version-history":[{"count":3,"href":"https:\/\/adegamarel.pt\/en\/wp-json\/wp\/v2\/pages\/8111\/revisions"}],"predecessor-version":[{"id":8174,"href":"https:\/\/adegamarel.pt\/en\/wp-json\/wp\/v2\/pages\/8111\/revisions\/8174"}],"wp:attachment":[{"href":"https:\/\/adegamarel.pt\/en\/wp-json\/wp\/v2\/media?parent=8111"}],"curies":[{"name":"wp","href":"https:\/\/api.w.org\/{rel}","templated":true}]}}